{"id":41603,"date":"2025-02-04T14:42:37","date_gmt":"2025-02-04T14:42:37","guid":{"rendered":"https:\/\/neuchatel-vins-terroir.ch\/document\/neuchatel-%c7%9d%cc%97%ea%93%a4%ea%93%95%ea%93%b6i%e1%96%b5-non-2024-ein-jahrgang-mit-ausdruck\/"},"modified":"2025-02-04T14:43:59","modified_gmt":"2025-02-04T14:43:59","slug":"neuchatel-%c7%9d%cc%97%ea%93%a4%ea%93%95%ea%93%b6i%e1%96%b5-non-2024-ein-jahrgang-mit-ausdruck","status":"publish","type":"document","link":"https:\/\/neuchatel-vins-terroir.ch\/de\/dokument\/neuchatel-%c7%9d%cc%97%ea%93%a4%ea%93%95%ea%93%b6i%e1%96%b5-non-2024-ein-jahrgang-mit-ausdruck\/","title":{"rendered":"NEUCH\u00c2TEL \u018e\u0317\ua4e4\ua4d5\ua4f6I\u15b5 NON 2024 EIN JAHRGANG MIT AUSDRUCK"},"content":{"rendered":"\n<p><strong>Am Mittwoch, den 15. Januar, verwandelten sich die &#8222;ehemaligen Schlachth\u00f6fe&#8220; in La Chaux-de-Fonds in den Schauplatz eines aussergew\u00f6hnlichen Abends, um den 50. Geburtstag des \u018e\u0317<strong>\ua4e4\ua4d5\ua4f6<\/strong><strong>I<\/strong><strong>\u15b5 <\/strong><strong>NON<\/strong> zu feiern<\/strong><strong>&#8211; eines einzigartigen und emblematischen Weins aus der Schweiz. Eine Pressekonferenz markierte den offiziellen Start der Saison. Danach konnten die G\u00e4ste den ersten Schweizer Wein des Jahres von 36 Neuenburger Weing\u00fctern degustieren. Die Feier setzte sich in einer geselligen und festlichen Atmosph\u00e4re fort und w\u00fcrdigte den aussergew\u00f6hnlichen Wein, der seit einem halben Jahrhundert der Stolz der Region Neuenburg ist.  <\/strong><\/p>\n","protected":false},"author":25,"featured_media":0,"template":"","meta":{"_acf_changed":false,"_kad_blocks_custom_css":"","_kad_blocks_head_custom_js":"","_kad_blocks_body_custom_js":"","_kad_blocks_footer_custom_js":"","footnotes":""},"document_type":[217],"class_list":["post-41603","document","type-document","status-publish","hentry","document_type-communique"],"acf":[],"yoast_head":"<!-- This site is optimized with the Yoast SEO plugin v27.5 - https:\/\/yoast.com\/product\/yoast-seo-wordpress\/ -->\n<title>NEUCH\u00c2TEL \u018e\u0317\ua4e4\ua4d5\ua4f6I\u15b5 NON 2024 EIN JAHRGANG MIT AUSDRUCK - Neuch\u00e2tel vins et terroir<\/title>\n<meta name=\"robots\" content=\"index, follow, max-snippet:-1, max-image-preview:large, max-video-preview:-1\" \/>\n<link rel=\"canonical\" href=\"https:\/\/neuchatel-vins-terroir.ch\/de\/document\/neuchatel-\u01dd\u0317\ua4e4\ua4d5\ua4f6i\u15b5-non-2024-ein-jahrgang-mit-ausdruck\/\" \/>\n<meta property=\"og:locale\" content=\"de_DE\" \/>\n<meta property=\"og:type\" content=\"article\" \/>\n<meta property=\"og:title\" content=\"NEUCH\u00c2TEL \u018e\u0317\ua4e4\ua4d5\ua4f6I\u15b5 NON 2024 EIN JAHRGANG MIT AUSDRUCK - Neuch\u00e2tel vins et terroir\" \/>\n<meta property=\"og:description\" content=\"Am Mittwoch, den 15. Januar, verwandelten sich die &#8222;ehemaligen Schlachth\u00f6fe&#8220; in La Chaux-de-Fonds in den Schauplatz eines aussergew\u00f6hnlichen Abends, um [&hellip;]\" \/>\n<meta property=\"og:url\" content=\"https:\/\/neuchatel-vins-terroir.ch\/de\/document\/neuchatel-\u01dd\u0317\ua4e4\ua4d5\ua4f6i\u15b5-non-2024-ein-jahrgang-mit-ausdruck\/\" \/>\n<meta property=\"og:site_name\" content=\"Neuch\u00e2tel vins et terroir\" \/>\n<meta property=\"article:modified_time\" content=\"2025-02-04T14:43:59+00:00\" \/>\n<meta name=\"twitter:card\" content=\"summary_large_image\" \/>\n<script type=\"application\/ld+json\" class=\"yoast-schema-graph\">{\"@context\":\"https:\\\/\\\/schema.org\",\"@graph\":[{\"@type\":\"WebPage\",\"@id\":\"https:\\\/\\\/neuchatel-vins-terroir.ch\\\/de\\\/document\\\/neuchatel-%c7%9d%cc%97%ea%93%a4%ea%93%95%ea%93%b6i%e1%96%b5-non-2024-ein-jahrgang-mit-ausdruck\\\/\",\"url\":\"https:\\\/\\\/neuchatel-vins-terroir.ch\\\/de\\\/document\\\/neuchatel-%c7%9d%cc%97%ea%93%a4%ea%93%95%ea%93%b6i%e1%96%b5-non-2024-ein-jahrgang-mit-ausdruck\\\/\",\"name\":\"NEUCH\u00c2TEL \u018e\u0317\ua4e4\ua4d5\ua4f6I\u15b5 NON 2024 EIN JAHRGANG MIT AUSDRUCK - Neuch\u00e2tel vins et terroir\",\"isPartOf\":{\"@id\":\"https:\\\/\\\/neuchatel-vins-terroir.ch\\\/#website\"},\"datePublished\":\"2025-02-04T14:42:37+00:00\",\"dateModified\":\"2025-02-04T14:43:59+00:00\",\"breadcrumb\":{\"@id\":\"https:\\\/\\\/neuchatel-vins-terroir.ch\\\/de\\\/document\\\/neuchatel-%c7%9d%cc%97%ea%93%a4%ea%93%95%ea%93%b6i%e1%96%b5-non-2024-ein-jahrgang-mit-ausdruck\\\/#breadcrumb\"},\"inLanguage\":\"de\",\"potentialAction\":[{\"@type\":\"ReadAction\",\"target\":[\"https:\\\/\\\/neuchatel-vins-terroir.ch\\\/de\\\/document\\\/neuchatel-%c7%9d%cc%97%ea%93%a4%ea%93%95%ea%93%b6i%e1%96%b5-non-2024-ein-jahrgang-mit-ausdruck\\\/\"]}]},{\"@type\":\"BreadcrumbList\",\"@id\":\"https:\\\/\\\/neuchatel-vins-terroir.ch\\\/de\\\/document\\\/neuchatel-%c7%9d%cc%97%ea%93%a4%ea%93%95%ea%93%b6i%e1%96%b5-non-2024-ein-jahrgang-mit-ausdruck\\\/#breadcrumb\",\"itemListElement\":[{\"@type\":\"ListItem\",\"position\":1,\"name\":\"Accueil\",\"item\":\"https:\\\/\\\/neuchatel-vins-terroir.ch\\\/de\\\/home\\\/\"},{\"@type\":\"ListItem\",\"position\":2,\"name\":\"Documents\",\"item\":\"https:\\\/\\\/neuchatel-vins-terroir.ch\\\/document\\\/\"},{\"@type\":\"ListItem\",\"position\":3,\"name\":\"NEUCH\u00c2TEL \u018e\u0317\ua4e4\ua4d5\ua4f6I\u15b5 NON 2024 EIN JAHRGANG MIT AUSDRUCK\"}]},{\"@type\":\"WebSite\",\"@id\":\"https:\\\/\\\/neuchatel-vins-terroir.ch\\\/#website\",\"url\":\"https:\\\/\\\/neuchatel-vins-terroir.ch\\\/\",\"name\":\"Neuch\u00e2tel vins et terroir\",\"description\":\"Neuch\u00e2tel vins et terroir\",\"publisher\":{\"@id\":\"https:\\\/\\\/neuchatel-vins-terroir.ch\\\/#organization\"},\"potentialAction\":[{\"@type\":\"SearchAction\",\"target\":{\"@type\":\"EntryPoint\",\"urlTemplate\":\"https:\\\/\\\/neuchatel-vins-terroir.ch\\\/?s={search_term_string}\"},\"query-input\":{\"@type\":\"PropertyValueSpecification\",\"valueRequired\":true,\"valueName\":\"search_term_string\"}}],\"inLanguage\":\"de\"},{\"@type\":\"Organization\",\"@id\":\"https:\\\/\\\/neuchatel-vins-terroir.ch\\\/#organization\",\"name\":\"Neuch\u00e2tel vins et terroir\",\"url\":\"https:\\\/\\\/neuchatel-vins-terroir.ch\\\/\",\"logo\":{\"@type\":\"ImageObject\",\"inLanguage\":\"de\",\"@id\":\"https:\\\/\\\/neuchatel-vins-terroir.ch\\\/#\\\/schema\\\/logo\\\/image\\\/\",\"url\":\"https:\\\/\\\/neuchatel-vins-terroir.ch\\\/wp-content\\\/uploads\\\/2021\\\/11\\\/logo_nvt.svg\",\"contentUrl\":\"https:\\\/\\\/neuchatel-vins-terroir.ch\\\/wp-content\\\/uploads\\\/2021\\\/11\\\/logo_nvt.svg\",\"width\":156,\"height\":82,\"caption\":\"Neuch\u00e2tel vins et terroir\"},\"image\":{\"@id\":\"https:\\\/\\\/neuchatel-vins-terroir.ch\\\/#\\\/schema\\\/logo\\\/image\\\/\"}}]}<\/script>\n<!-- \/ Yoast SEO plugin. -->","yoast_head_json":{"title":"NEUCH\u00c2TEL \u018e\u0317\ua4e4\ua4d5\ua4f6I\u15b5 NON 2024 EIN JAHRGANG MIT AUSDRUCK - Neuch\u00e2tel vins et terroir","robots":{"index":"index","follow":"follow","max-snippet":"max-snippet:-1","max-image-preview":"max-image-preview:large","max-video-preview":"max-video-preview:-1"},"canonical":"https:\/\/neuchatel-vins-terroir.ch\/de\/document\/neuchatel-\u01dd\u0317\ua4e4\ua4d5\ua4f6i\u15b5-non-2024-ein-jahrgang-mit-ausdruck\/","og_locale":"de_DE","og_type":"article","og_title":"NEUCH\u00c2TEL \u018e\u0317\ua4e4\ua4d5\ua4f6I\u15b5 NON 2024 EIN JAHRGANG MIT AUSDRUCK - Neuch\u00e2tel vins et terroir","og_description":"Am Mittwoch, den 15. Januar, verwandelten sich die &#8222;ehemaligen Schlachth\u00f6fe&#8220; in La Chaux-de-Fonds in den Schauplatz eines aussergew\u00f6hnlichen Abends, um [&hellip;]","og_url":"https:\/\/neuchatel-vins-terroir.ch\/de\/document\/neuchatel-\u01dd\u0317\ua4e4\ua4d5\ua4f6i\u15b5-non-2024-ein-jahrgang-mit-ausdruck\/","og_site_name":"Neuch\u00e2tel vins et terroir","article_modified_time":"2025-02-04T14:43:59+00:00","twitter_card":"summary_large_image","schema":{"@context":"https:\/\/schema.org","@graph":[{"@type":"WebPage","@id":"https:\/\/neuchatel-vins-terroir.ch\/de\/document\/neuchatel-%c7%9d%cc%97%ea%93%a4%ea%93%95%ea%93%b6i%e1%96%b5-non-2024-ein-jahrgang-mit-ausdruck\/","url":"https:\/\/neuchatel-vins-terroir.ch\/de\/document\/neuchatel-%c7%9d%cc%97%ea%93%a4%ea%93%95%ea%93%b6i%e1%96%b5-non-2024-ein-jahrgang-mit-ausdruck\/","name":"NEUCH\u00c2TEL \u018e\u0317\ua4e4\ua4d5\ua4f6I\u15b5 NON 2024 EIN JAHRGANG MIT AUSDRUCK - Neuch\u00e2tel vins et terroir","isPartOf":{"@id":"https:\/\/neuchatel-vins-terroir.ch\/#website"},"datePublished":"2025-02-04T14:42:37+00:00","dateModified":"2025-02-04T14:43:59+00:00","breadcrumb":{"@id":"https:\/\/neuchatel-vins-terroir.ch\/de\/document\/neuchatel-%c7%9d%cc%97%ea%93%a4%ea%93%95%ea%93%b6i%e1%96%b5-non-2024-ein-jahrgang-mit-ausdruck\/#breadcrumb"},"inLanguage":"de","potentialAction":[{"@type":"ReadAction","target":["https:\/\/neuchatel-vins-terroir.ch\/de\/document\/neuchatel-%c7%9d%cc%97%ea%93%a4%ea%93%95%ea%93%b6i%e1%96%b5-non-2024-ein-jahrgang-mit-ausdruck\/"]}]},{"@type":"BreadcrumbList","@id":"https:\/\/neuchatel-vins-terroir.ch\/de\/document\/neuchatel-%c7%9d%cc%97%ea%93%a4%ea%93%95%ea%93%b6i%e1%96%b5-non-2024-ein-jahrgang-mit-ausdruck\/#breadcrumb","itemListElement":[{"@type":"ListItem","position":1,"name":"Accueil","item":"https:\/\/neuchatel-vins-terroir.ch\/de\/home\/"},{"@type":"ListItem","position":2,"name":"Documents","item":"https:\/\/neuchatel-vins-terroir.ch\/document\/"},{"@type":"ListItem","position":3,"name":"NEUCH\u00c2TEL \u018e\u0317\ua4e4\ua4d5\ua4f6I\u15b5 NON 2024 EIN JAHRGANG MIT AUSDRUCK"}]},{"@type":"WebSite","@id":"https:\/\/neuchatel-vins-terroir.ch\/#website","url":"https:\/\/neuchatel-vins-terroir.ch\/","name":"Neuch\u00e2tel vins et terroir","description":"Neuch\u00e2tel vins et terroir","publisher":{"@id":"https:\/\/neuchatel-vins-terroir.ch\/#organization"},"potentialAction":[{"@type":"SearchAction","target":{"@type":"EntryPoint","urlTemplate":"https:\/\/neuchatel-vins-terroir.ch\/?s={search_term_string}"},"query-input":{"@type":"PropertyValueSpecification","valueRequired":true,"valueName":"search_term_string"}}],"inLanguage":"de"},{"@type":"Organization","@id":"https:\/\/neuchatel-vins-terroir.ch\/#organization","name":"Neuch\u00e2tel vins et terroir","url":"https:\/\/neuchatel-vins-terroir.ch\/","logo":{"@type":"ImageObject","inLanguage":"de","@id":"https:\/\/neuchatel-vins-terroir.ch\/#\/schema\/logo\/image\/","url":"https:\/\/neuchatel-vins-terroir.ch\/wp-content\/uploads\/2021\/11\/logo_nvt.svg","contentUrl":"https:\/\/neuchatel-vins-terroir.ch\/wp-content\/uploads\/2021\/11\/logo_nvt.svg","width":156,"height":82,"caption":"Neuch\u00e2tel vins et terroir"},"image":{"@id":"https:\/\/neuchatel-vins-terroir.ch\/#\/schema\/logo\/image\/"}}]}},"taxonomy_info":{"document_type":[{"value":217,"label":"Communiqu\u00e9"}]},"featured_image_src_large":false,"author_info":{"display_name":"Neuchatel Vins et Terroir NVT","author_link":"https:\/\/neuchatel-vins-terroir.ch\/de\/author\/nvt\/"},"comment_info":"","publishpress_future_workflow_manual_trigger":{"enabledWorkflows":[]},"_links":{"self":[{"href":"https:\/\/neuchatel-vins-terroir.ch\/de\/wp-json\/wp\/v2\/document\/41603","targetHints":{"allow":["GET"]}}],"collection":[{"href":"https:\/\/neuchatel-vins-terroir.ch\/de\/wp-json\/wp\/v2\/document"}],"about":[{"href":"https:\/\/neuchatel-vins-terroir.ch\/de\/wp-json\/wp\/v2\/types\/document"}],"author":[{"embeddable":true,"href":"https:\/\/neuchatel-vins-terroir.ch\/de\/wp-json\/wp\/v2\/users\/25"}],"version-history":[{"count":2,"href":"https:\/\/neuchatel-vins-terroir.ch\/de\/wp-json\/wp\/v2\/document\/41603\/revisions"}],"predecessor-version":[{"id":41608,"href":"https:\/\/neuchatel-vins-terroir.ch\/de\/wp-json\/wp\/v2\/document\/41603\/revisions\/41608"}],"wp:attachment":[{"href":"https:\/\/neuchatel-vins-terroir.ch\/de\/wp-json\/wp\/v2\/media?parent=41603"}],"wp:term":[{"taxonomy":"document_type","embeddable":true,"href":"https:\/\/neuchatel-vins-terroir.ch\/de\/wp-json\/wp\/v2\/document_type?post=41603"}],"curies":[{"name":"wp","href":"https:\/\/api.w.org\/{rel}","templated":true}]}}