{"id":26275,"date":"2022-01-26T07:55:16","date_gmt":"2022-01-26T07:55:16","guid":{"rendered":"https:\/\/neuchatel-vins-terroir.ch\/terroir\/"},"modified":"2025-06-06T11:53:10","modified_gmt":"2025-06-06T11:53:10","slug":"terroir","status":"publish","type":"page","link":"https:\/\/neuchatel-vins-terroir.ch\/de\/terroir\/","title":{"rendered":"Terroir"},"content":{"rendered":"\n<p class=\"has-text-align-center\"><a href=\"#Paniers\" data-type=\"internal\" data-id=\"#Paniers\">Regionalk\u00f6rbe <\/a>\/ <a href=\"#D%C3%A9couvrir\" data-type=\"internal\" data-id=\"#D&#xE9;couvrir\">Unsere Produzenten <\/a><\/p>\n\n<div style=\"height:45px\" aria-hidden=\"true\" class=\"wp-block-spacer\"><\/div>\n\n<h3 class=\"wp-block-heading\">Unser Label<\/h3>\n\n<p>Das zertifizierte Label Neuch\u00e2tel Vins et Terroir garantiert dem Konsumenten eine starke Verbindung mit dem Neuenburger Terroir. Es versichert Ihnen, dass Ihr Produkt zu 80% aus unserem Kanton stammt. Diese Produkte werden in den Gesch\u00e4ften angeboten, die unsere Kriterien f\u00fcr &#8222;Partner des Terroirs&#8220; erf\u00fcllen. Schlie\u00dflich sind die &#8222;Traditionellen Produkte&#8220; ein fester Bestandteil unserer K\u00fcchentradition.<\/p>\n\n<p>Unser Label folgt den nationalen Richtlinien und hat sich mit den sechs Westschweizer Kantonen und dem Jura unter dem Banner <strong>\u201e<a href=\"https:\/\/www.regiogarantie.ch\/\" data-type=\"link\" data-id=\"https:\/\/www.regiogarantie.ch\/\" target=\"_blank\" rel=\"noreferrer noopener\">regio.garantie <\/a>\u201c<\/strong> zusammengeschlossen, um die <strong>Werbeaktionen<\/strong> seiner Mitglieder zu koordinieren und <strong>die mit dem Label ausgezeichneten Produkte der Westschweizer Regionen zu f\u00f6rdern<\/strong>.<\/p>\n\n<div class=\"wp-block-buttons is-content-justification-center is-layout-flex wp-container-core-buttons-is-layout-a89b3969 wp-block-buttons-is-layout-flex\">\n<div class=\"wp-block-button\"><a class=\"wp-block-button__link wp-element-button\" href=\"https:\/\/neuchatel-vins-terroir.ch\/de\/le-label-neuchatel-vins-et-terroir\/\">Mehr erfahren<\/a><\/div>\n<\/div>\n\n<div style=\"height:46px\" aria-hidden=\"true\" class=\"wp-block-spacer\"><\/div>\n\n<h3 class=\"wp-block-heading has-text-align-center\"><\/h3>\n\n<div class=\"wp-block-columns has-lighter-background-color has-background is-layout-flex wp-container-core-columns-is-layout-28f84493 wp-block-columns-is-layout-flex\">\n<div class=\"wp-block-column is-layout-flow wp-block-column-is-layout-flow\">\n<h3 class=\"wp-block-heading has-text-align-center\" id=\"Paniers\">Neuenburger regionale K\u00f6rbe<\/h3>\n\n\n\n<p>Sind Sie auf der Suche nach einem Gourmet-Geschenk, das unsere Region hervorhebt? Wir bieten Ihnen die M\u00f6glichkeit, ma\u00dfgeschneiderte K\u00f6rbe zusammenzustellen, die mit Produkten mit dem Label &#8222;Neuch\u00e2tel Vins et Terroir&#8220; gef\u00fcllt sind. Machen Sie Ihren Lieben eine Freude mit unseren speziellen K\u00f6rben zum Jahresende. Wir bieten drei verschiedene Gr\u00f6\u00dfen an: Der &#8222;Carton de Tradition&#8220;, der &#8222;Carton d&#8217;\u00c9picurien&#8220; und der &#8222;Panier de Caract\u00e8re&#8220;.   <\/p>\n\n\n\n<figure class=\"wp-block-image aligncenter size-full is-style-default\"><a href=\"https:\/\/neuchatel-vins-terroir.ch\/de\/bestellen-sie-ihre-warenkoerbe\/\"><img loading=\"lazy\" decoding=\"async\" width=\"2000\" height=\"410\" src=\"https:\/\/neuchatel-vins-terroir.ch\/wp-content\/uploads\/2024\/08\/Cream-Floral-Page-Border-25-x-10-cm-1-e1723468404830.png\" alt=\"\" class=\"wp-image-39332\" srcset=\"https:\/\/neuchatel-vins-terroir.ch\/wp-content\/uploads\/2024\/08\/Cream-Floral-Page-Border-25-x-10-cm-1-e1723468404830.png 2000w, https:\/\/neuchatel-vins-terroir.ch\/wp-content\/uploads\/2024\/08\/Cream-Floral-Page-Border-25-x-10-cm-1-e1723468404830-300x62.png 300w, https:\/\/neuchatel-vins-terroir.ch\/wp-content\/uploads\/2024\/08\/Cream-Floral-Page-Border-25-x-10-cm-1-e1723468404830-1024x210.png 1024w, https:\/\/neuchatel-vins-terroir.ch\/wp-content\/uploads\/2024\/08\/Cream-Floral-Page-Border-25-x-10-cm-1-e1723468404830-768x157.png 768w, https:\/\/neuchatel-vins-terroir.ch\/wp-content\/uploads\/2024\/08\/Cream-Floral-Page-Border-25-x-10-cm-1-e1723468404830-1536x315.png 1536w, https:\/\/neuchatel-vins-terroir.ch\/wp-content\/uploads\/2024\/08\/Cream-Floral-Page-Border-25-x-10-cm-1-e1723468404830-600x123.png 600w\" sizes=\"auto, (max-width: 2000px) 100vw, 2000px\" \/><\/a><\/figure>\n<\/div>\n<\/div>\n\n<p><\/p>\n\n<div style=\"height:48px\" aria-hidden=\"true\" class=\"wp-block-spacer\"><\/div>\n\n<div class=\"wp-block-columns has-lighter-background-color has-background is-layout-flex wp-container-core-columns-is-layout-28f84493 wp-block-columns-is-layout-flex\">\n<div class=\"wp-block-column is-layout-flow wp-block-column-is-layout-flow\">\n<div style=\"height:35px\" aria-hidden=\"true\" class=\"wp-block-spacer\"><\/div>\n\n\n\n<h2 class=\"wp-block-heading has-text-align-center has-primary-color has-text-color\">Der rote Punkt oder der Bindestrich zwischen den Regionalmarken<\/h2>\n<\/div>\n\n\n\n<div class=\"wp-block-column is-layout-flow wp-block-column-is-layout-flow\">\n<figure class=\"wp-block-embed aligncenter is-type-video is-provider-youtube wp-block-embed-youtube wp-embed-aspect-16-9 wp-has-aspect-ratio\"><div class=\"wp-block-embed__wrapper\">\n<iframe loading=\"lazy\" title=\"regio.garantie, le point rouge pour des produits r\u00e9gionaux authentiques partout en Suisse\" width=\"500\" height=\"281\" src=\"https:\/\/www.youtube.com\/embed\/ewj_zJT1x2Q?feature=oembed\" frameborder=\"0\" allow=\"accelerometer; autoplay; clipboard-write; encrypted-media; gyroscope; picture-in-picture; web-share\" referrerpolicy=\"strict-origin-when-cross-origin\" allowfullscreen><\/iframe>\n<\/div><\/figure>\n<\/div>\n<\/div>\n\n<h2 class=\"wp-block-heading has-text-align-center\" id=\"D&#xE9;couvrir\">Entdecken Sie unsere Produzenten und Partner!<\/h2>\n\n<p><\/p>\n","protected":false},"excerpt":{"rendered":"<p>Regionalk\u00f6rbe \/ Unsere Produzenten Unser Label Das zertifizierte Label Neuch\u00e2tel Vins et Terroir garantiert dem Konsumenten eine starke Verbindung mit [&hellip;]<\/p>\n","protected":false},"author":9,"featured_media":0,"parent":0,"menu_order":95,"comment_status":"closed","ping_status":"closed","template":"template-product-producer.php","meta":{"_acf_changed":false,"_kad_blocks_custom_css":"","_kad_blocks_head_custom_js":"","_kad_blocks_body_custom_js":"","_kad_blocks_footer_custom_js":"","footnotes":""},"class_list":["post-26275","page","type-page","status-publish","hentry"],"acf":[],"yoast_head":"<!-- This site is optimized with the Yoast SEO plugin v27.4 - https:\/\/yoast.com\/product\/yoast-seo-wordpress\/ -->\n<title>Terroir - Neuch\u00e2tel vins et terroir<\/title>\n<meta name=\"robots\" content=\"index, follow, max-snippet:-1, max-image-preview:large, max-video-preview:-1\" \/>\n<link rel=\"canonical\" href=\"https:\/\/neuchatel-vins-terroir.ch\/de\/terroir\/\" \/>\n<meta property=\"og:locale\" content=\"de_DE\" \/>\n<meta property=\"og:type\" content=\"article\" \/>\n<meta property=\"og:title\" content=\"Terroir - Neuch\u00e2tel vins et terroir\" \/>\n<meta property=\"og:description\" content=\"Regionalk\u00f6rbe \/ Unsere Produzenten Unser Label Das zertifizierte Label Neuch\u00e2tel Vins et Terroir garantiert dem Konsumenten eine starke Verbindung mit [&hellip;]\" \/>\n<meta property=\"og:url\" content=\"https:\/\/neuchatel-vins-terroir.ch\/de\/terroir\/\" \/>\n<meta property=\"og:site_name\" content=\"Neuch\u00e2tel vins et terroir\" \/>\n<meta property=\"article:modified_time\" content=\"2025-06-06T11:53:10+00:00\" \/>\n<meta property=\"og:image\" content=\"https:\/\/neuchatel-vins-terroir.ch\/wp-content\/uploads\/2024\/08\/Cream-Floral-Page-Border-25-x-10-cm-1-e1723468404830.png\" \/>\n\t<meta property=\"og:image:width\" content=\"2000\" \/>\n\t<meta property=\"og:image:height\" content=\"410\" \/>\n\t<meta property=\"og:image:type\" content=\"image\/png\" \/>\n<meta name=\"twitter:card\" content=\"summary_large_image\" \/>\n<meta name=\"twitter:label1\" content=\"Gesch\u00e4tzte Lesezeit\" \/>\n\t<meta name=\"twitter:data1\" content=\"1\u00a0Minute\" \/>\n<script type=\"application\/ld+json\" class=\"yoast-schema-graph\">{\"@context\":\"https:\\\/\\\/schema.org\",\"@graph\":[{\"@type\":\"WebPage\",\"@id\":\"https:\\\/\\\/neuchatel-vins-terroir.ch\\\/de\\\/terroir\\\/\",\"url\":\"https:\\\/\\\/neuchatel-vins-terroir.ch\\\/de\\\/terroir\\\/\",\"name\":\"Terroir - Neuch\u00e2tel vins et terroir\",\"isPartOf\":{\"@id\":\"https:\\\/\\\/neuchatel-vins-terroir.ch\\\/#website\"},\"primaryImageOfPage\":{\"@id\":\"https:\\\/\\\/neuchatel-vins-terroir.ch\\\/de\\\/terroir\\\/#primaryimage\"},\"image\":{\"@id\":\"https:\\\/\\\/neuchatel-vins-terroir.ch\\\/de\\\/terroir\\\/#primaryimage\"},\"thumbnailUrl\":\"https:\\\/\\\/neuchatel-vins-terroir.ch\\\/wp-content\\\/uploads\\\/2024\\\/08\\\/Cream-Floral-Page-Border-25-x-10-cm-1-e1723468404830.png\",\"datePublished\":\"2022-01-26T07:55:16+00:00\",\"dateModified\":\"2025-06-06T11:53:10+00:00\",\"breadcrumb\":{\"@id\":\"https:\\\/\\\/neuchatel-vins-terroir.ch\\\/de\\\/terroir\\\/#breadcrumb\"},\"inLanguage\":\"de\",\"potentialAction\":[{\"@type\":\"ReadAction\",\"target\":[\"https:\\\/\\\/neuchatel-vins-terroir.ch\\\/de\\\/terroir\\\/\"]}]},{\"@type\":\"ImageObject\",\"inLanguage\":\"de\",\"@id\":\"https:\\\/\\\/neuchatel-vins-terroir.ch\\\/de\\\/terroir\\\/#primaryimage\",\"url\":\"https:\\\/\\\/neuchatel-vins-terroir.ch\\\/wp-content\\\/uploads\\\/2024\\\/08\\\/Cream-Floral-Page-Border-25-x-10-cm-1-e1723468404830.png\",\"contentUrl\":\"https:\\\/\\\/neuchatel-vins-terroir.ch\\\/wp-content\\\/uploads\\\/2024\\\/08\\\/Cream-Floral-Page-Border-25-x-10-cm-1-e1723468404830.png\"},{\"@type\":\"BreadcrumbList\",\"@id\":\"https:\\\/\\\/neuchatel-vins-terroir.ch\\\/de\\\/terroir\\\/#breadcrumb\",\"itemListElement\":[{\"@type\":\"ListItem\",\"position\":1,\"name\":\"Accueil\",\"item\":\"https:\\\/\\\/neuchatel-vins-terroir.ch\\\/de\\\/home\\\/\"},{\"@type\":\"ListItem\",\"position\":2,\"name\":\"Terroir\"}]},{\"@type\":\"WebSite\",\"@id\":\"https:\\\/\\\/neuchatel-vins-terroir.ch\\\/#website\",\"url\":\"https:\\\/\\\/neuchatel-vins-terroir.ch\\\/\",\"name\":\"Neuch\u00e2tel vins et terroir\",\"description\":\"Neuch\u00e2tel vins et terroir\",\"publisher\":{\"@id\":\"https:\\\/\\\/neuchatel-vins-terroir.ch\\\/#organization\"},\"potentialAction\":[{\"@type\":\"SearchAction\",\"target\":{\"@type\":\"EntryPoint\",\"urlTemplate\":\"https:\\\/\\\/neuchatel-vins-terroir.ch\\\/?s={search_term_string}\"},\"query-input\":{\"@type\":\"PropertyValueSpecification\",\"valueRequired\":true,\"valueName\":\"search_term_string\"}}],\"inLanguage\":\"de\"},{\"@type\":\"Organization\",\"@id\":\"https:\\\/\\\/neuchatel-vins-terroir.ch\\\/#organization\",\"name\":\"Neuch\u00e2tel vins et terroir\",\"url\":\"https:\\\/\\\/neuchatel-vins-terroir.ch\\\/\",\"logo\":{\"@type\":\"ImageObject\",\"inLanguage\":\"de\",\"@id\":\"https:\\\/\\\/neuchatel-vins-terroir.ch\\\/#\\\/schema\\\/logo\\\/image\\\/\",\"url\":\"https:\\\/\\\/neuchatel-vins-terroir.ch\\\/wp-content\\\/uploads\\\/2021\\\/11\\\/logo_nvt.svg\",\"contentUrl\":\"https:\\\/\\\/neuchatel-vins-terroir.ch\\\/wp-content\\\/uploads\\\/2021\\\/11\\\/logo_nvt.svg\",\"width\":156,\"height\":82,\"caption\":\"Neuch\u00e2tel vins et terroir\"},\"image\":{\"@id\":\"https:\\\/\\\/neuchatel-vins-terroir.ch\\\/#\\\/schema\\\/logo\\\/image\\\/\"}}]}<\/script>\n<!-- \/ Yoast SEO plugin. -->","yoast_head_json":{"title":"Terroir - Neuch\u00e2tel vins et terroir","robots":{"index":"index","follow":"follow","max-snippet":"max-snippet:-1","max-image-preview":"max-image-preview:large","max-video-preview":"max-video-preview:-1"},"canonical":"https:\/\/neuchatel-vins-terroir.ch\/de\/terroir\/","og_locale":"de_DE","og_type":"article","og_title":"Terroir - Neuch\u00e2tel vins et terroir","og_description":"Regionalk\u00f6rbe \/ Unsere Produzenten Unser Label Das zertifizierte Label Neuch\u00e2tel Vins et Terroir garantiert dem Konsumenten eine starke Verbindung mit [&hellip;]","og_url":"https:\/\/neuchatel-vins-terroir.ch\/de\/terroir\/","og_site_name":"Neuch\u00e2tel vins et terroir","article_modified_time":"2025-06-06T11:53:10+00:00","og_image":[{"width":2000,"height":410,"url":"https:\/\/neuchatel-vins-terroir.ch\/wp-content\/uploads\/2024\/08\/Cream-Floral-Page-Border-25-x-10-cm-1-e1723468404830.png","type":"image\/png"}],"twitter_card":"summary_large_image","twitter_misc":{"Gesch\u00e4tzte Lesezeit":"1\u00a0Minute"},"schema":{"@context":"https:\/\/schema.org","@graph":[{"@type":"WebPage","@id":"https:\/\/neuchatel-vins-terroir.ch\/de\/terroir\/","url":"https:\/\/neuchatel-vins-terroir.ch\/de\/terroir\/","name":"Terroir - Neuch\u00e2tel vins et terroir","isPartOf":{"@id":"https:\/\/neuchatel-vins-terroir.ch\/#website"},"primaryImageOfPage":{"@id":"https:\/\/neuchatel-vins-terroir.ch\/de\/terroir\/#primaryimage"},"image":{"@id":"https:\/\/neuchatel-vins-terroir.ch\/de\/terroir\/#primaryimage"},"thumbnailUrl":"https:\/\/neuchatel-vins-terroir.ch\/wp-content\/uploads\/2024\/08\/Cream-Floral-Page-Border-25-x-10-cm-1-e1723468404830.png","datePublished":"2022-01-26T07:55:16+00:00","dateModified":"2025-06-06T11:53:10+00:00","breadcrumb":{"@id":"https:\/\/neuchatel-vins-terroir.ch\/de\/terroir\/#breadcrumb"},"inLanguage":"de","potentialAction":[{"@type":"ReadAction","target":["https:\/\/neuchatel-vins-terroir.ch\/de\/terroir\/"]}]},{"@type":"ImageObject","inLanguage":"de","@id":"https:\/\/neuchatel-vins-terroir.ch\/de\/terroir\/#primaryimage","url":"https:\/\/neuchatel-vins-terroir.ch\/wp-content\/uploads\/2024\/08\/Cream-Floral-Page-Border-25-x-10-cm-1-e1723468404830.png","contentUrl":"https:\/\/neuchatel-vins-terroir.ch\/wp-content\/uploads\/2024\/08\/Cream-Floral-Page-Border-25-x-10-cm-1-e1723468404830.png"},{"@type":"BreadcrumbList","@id":"https:\/\/neuchatel-vins-terroir.ch\/de\/terroir\/#breadcrumb","itemListElement":[{"@type":"ListItem","position":1,"name":"Accueil","item":"https:\/\/neuchatel-vins-terroir.ch\/de\/home\/"},{"@type":"ListItem","position":2,"name":"Terroir"}]},{"@type":"WebSite","@id":"https:\/\/neuchatel-vins-terroir.ch\/#website","url":"https:\/\/neuchatel-vins-terroir.ch\/","name":"Neuch\u00e2tel vins et terroir","description":"Neuch\u00e2tel vins et terroir","publisher":{"@id":"https:\/\/neuchatel-vins-terroir.ch\/#organization"},"potentialAction":[{"@type":"SearchAction","target":{"@type":"EntryPoint","urlTemplate":"https:\/\/neuchatel-vins-terroir.ch\/?s={search_term_string}"},"query-input":{"@type":"PropertyValueSpecification","valueRequired":true,"valueName":"search_term_string"}}],"inLanguage":"de"},{"@type":"Organization","@id":"https:\/\/neuchatel-vins-terroir.ch\/#organization","name":"Neuch\u00e2tel vins et terroir","url":"https:\/\/neuchatel-vins-terroir.ch\/","logo":{"@type":"ImageObject","inLanguage":"de","@id":"https:\/\/neuchatel-vins-terroir.ch\/#\/schema\/logo\/image\/","url":"https:\/\/neuchatel-vins-terroir.ch\/wp-content\/uploads\/2021\/11\/logo_nvt.svg","contentUrl":"https:\/\/neuchatel-vins-terroir.ch\/wp-content\/uploads\/2021\/11\/logo_nvt.svg","width":156,"height":82,"caption":"Neuch\u00e2tel vins et terroir"},"image":{"@id":"https:\/\/neuchatel-vins-terroir.ch\/#\/schema\/logo\/image\/"}}]}},"taxonomy_info":[],"featured_image_src_large":false,"author_info":{"display_name":"dc-admin","author_link":"https:\/\/neuchatel-vins-terroir.ch\/de\/author\/tm-admin\/"},"comment_info":0,"publishpress_future_workflow_manual_trigger":{"enabledWorkflows":[]},"_links":{"self":[{"href":"https:\/\/neuchatel-vins-terroir.ch\/de\/wp-json\/wp\/v2\/pages\/26275","targetHints":{"allow":["GET"]}}],"collection":[{"href":"https:\/\/neuchatel-vins-terroir.ch\/de\/wp-json\/wp\/v2\/pages"}],"about":[{"href":"https:\/\/neuchatel-vins-terroir.ch\/de\/wp-json\/wp\/v2\/types\/page"}],"author":[{"embeddable":true,"href":"https:\/\/neuchatel-vins-terroir.ch\/de\/wp-json\/wp\/v2\/users\/9"}],"replies":[{"embeddable":true,"href":"https:\/\/neuchatel-vins-terroir.ch\/de\/wp-json\/wp\/v2\/comments?post=26275"}],"version-history":[{"count":9,"href":"https:\/\/neuchatel-vins-terroir.ch\/de\/wp-json\/wp\/v2\/pages\/26275\/revisions"}],"predecessor-version":[{"id":42360,"href":"https:\/\/neuchatel-vins-terroir.ch\/de\/wp-json\/wp\/v2\/pages\/26275\/revisions\/42360"}],"wp:attachment":[{"href":"https:\/\/neuchatel-vins-terroir.ch\/de\/wp-json\/wp\/v2\/media?parent=26275"}],"curies":[{"name":"wp","href":"https:\/\/api.w.org\/{rel}","templated":true}]}}