{"id":27908,"date":"2022-02-23T08:30:35","date_gmt":"2022-02-23T08:30:35","guid":{"rendered":"https:\/\/neuchatel-vins-terroir.ch\/le-label-neuchatel-vins-et-terroir\/"},"modified":"2023-04-13T13:27:16","modified_gmt":"2023-04-13T13:27:16","slug":"le-label-neuchatel-vins-et-terroir","status":"publish","type":"page","link":"https:\/\/neuchatel-vins-terroir.ch\/de\/le-label-neuchatel-vins-et-terroir\/","title":{"rendered":"Das Label Neuch\u00e2tel Vins et Terroir"},"content":{"rendered":"\n<h2 class=\"wp-block-heading\">Produkte mit dem Siegel<\/h2>\n\n<div class=\"wp-block-columns is-layout-flex wp-container-core-columns-is-layout-28f84493 wp-block-columns-is-layout-flex\">\n<div class=\"wp-block-column is-layout-flow wp-block-column-is-layout-flow\">\n<figure class=\"wp-block-image aligncenter size-thumbnail\"><img loading=\"lazy\" decoding=\"async\" width=\"150\" height=\"150\" src=\"https:\/\/neuchatel-vins-terroir.ch\/wp-content\/uploads\/2022\/02\/NVT-Regio-150x150.png\" alt=\"Label\" class=\"wp-image-26652\" srcset=\"https:\/\/neuchatel-vins-terroir.ch\/wp-content\/uploads\/2022\/02\/NVT-Regio-150x150.png 150w, https:\/\/neuchatel-vins-terroir.ch\/wp-content\/uploads\/2022\/02\/NVT-Regio-300x300.png 300w, https:\/\/neuchatel-vins-terroir.ch\/wp-content\/uploads\/2022\/02\/NVT-Regio-100x100.png 100w, https:\/\/neuchatel-vins-terroir.ch\/wp-content\/uploads\/2022\/02\/NVT-Regio-600x600.png 600w, https:\/\/neuchatel-vins-terroir.ch\/wp-content\/uploads\/2022\/02\/NVT-Regio-1024x1024.png 1024w, https:\/\/neuchatel-vins-terroir.ch\/wp-content\/uploads\/2022\/02\/NVT-Regio-768x768.png 768w, https:\/\/neuchatel-vins-terroir.ch\/wp-content\/uploads\/2022\/02\/NVT-Regio-1536x1536.png 1536w, https:\/\/neuchatel-vins-terroir.ch\/wp-content\/uploads\/2022\/02\/NVT-Regio.jpg 2000w\" sizes=\"auto, (max-width: 150px) 100vw, 150px\" \/><\/figure><\/div>\n\n\n\n<div class=\"wp-block-column is-layout-flow wp-block-column-is-layout-flow\">\n<p>Das Label &#8222;Neuch\u00e2tel Vins et Terroir&#8220; folgt den Vorgaben der nationalen Richtlinien regio.garantie, die Eigentum der Schweizerischen Vereinigung f\u00fcr Regionalprodukte (SVRP) sind. Sie gew\u00e4hrleisten die gleichen Standards f\u00fcr alle regionalen Marken in der Schweiz und gelten f\u00fcr die Vermarktung von Produkten landwirtschaftlichen Ursprungs.<\/p>\n<\/div>\n<\/div>\n\n<div style=\"height:46px\" aria-hidden=\"true\" class=\"wp-block-spacer\"><\/div>\n\n<h3 class=\"wp-block-heading\">\n          <strong>die Versprechungen eines zertifizierten Produkts<\/strong>\n        <\/h3>\n\n<ul class=\"wp-block-list\"><li>Rohstoffe aus der Region<\/li><li>Hergestellt in der Region<\/li><li>Tra\u00e7abilit\u00e9 certifi\u00e9e par un organisme ind\u00e9pendant<\/li><li>Unterst\u00fctzung unserer Landwirtschaft und der lokalen Wirtschaft<\/li><\/ul>\n<div style=\"height:46px\" aria-hidden=\"true\" class=\"wp-block-spacer\"><\/div>\n\n<h3 class=\"wp-block-heading\">\n          <strong> Die Vorteile einer Zertifizierung<\/strong>\n        <\/h3>\n\n<div class=\"wp-block-columns has-lighter-background-color has-background is-layout-flex wp-container-core-columns-is-layout-28f84493 wp-block-columns-is-layout-flex\">\n<div class=\"wp-block-column is-layout-flow wp-block-column-is-layout-flow\">\n<h4 class=\"wp-block-heading\">Starke Glaubw\u00fcrdigkeit<\/h4>\n\n\n\n<ul class=\"wp-block-list\"><li>Die nationalen regio.garantie-Richtlinien wurden von der Allianz der Verbraucherorganisationen als die objektivsten, zuverl\u00e4ssigsten und transparentesten des Landes bewertet.<\/li><li>Die Produkte werden von einer unabh\u00e4ngigen Stelle kontrolliert, die die Einhaltung der Spezifikation garantiert.<\/li><\/ul>\n\n\n<h4 class=\"wp-block-heading\">Distribution<\/h4>\n\n\n\n<ul class=\"wp-block-list\"><li>Vereinsintern: Veranstaltungen, die vom Verein organisiert werden und ausschlie\u00dflich zertifizierten Produzenten vorbehalten sind.<\/li><li>Extern: Vermittlung von Kontakten zu den &#8222;Partners du Terroir&#8220; (Restaurants, Einzelhandelsgesch\u00e4fte).<\/li><\/ul><\/div>\n\n\n\n<div class=\"wp-block-column is-layout-flow wp-block-column-is-layout-flow\">\n<figure class=\"wp-block-image aligncenter size-thumbnail\"><img loading=\"lazy\" decoding=\"async\" width=\"150\" height=\"150\" src=\"https:\/\/neuchatel-vins-terroir.ch\/wp-content\/uploads\/2021\/11\/IMG_1391-150x150.jpg\" alt=\"\" class=\"wp-image-810\" srcset=\"https:\/\/neuchatel-vins-terroir.ch\/wp-content\/uploads\/2021\/11\/IMG_1391-150x150.jpg 150w, https:\/\/neuchatel-vins-terroir.ch\/wp-content\/uploads\/2021\/11\/IMG_1391-scaled-300x300.jpg 300w, https:\/\/neuchatel-vins-terroir.ch\/wp-content\/uploads\/2021\/11\/IMG_1391-scaled-100x100.jpg 100w\" sizes=\"auto, (max-width: 150px) 100vw, 150px\" \/><\/figure>\n\n\n<h4 class=\"wp-block-heading\">Unterst\u00fctzung der lokalen Wirtschaft<\/h4>\n\n\n\n<ul class=\"wp-block-list\"><li>Rohstoff, der von lokalen Bauern angebaut oder gez\u00fcchtet wird.<\/li><li>Verarbeitung lokal gew\u00e4hrleistet.<\/li><li>Erhalt von Know-how und Arbeitspl\u00e4tzen im Kanton.<\/li><\/ul><\/div>\n\n\n\n<div class=\"wp-block-column is-layout-flow wp-block-column-is-layout-flow\">\n<h4 class=\"wp-block-heading\">Vereinfachung f\u00fcr den Verbraucher<\/h4>\n\n\n\n<ul class=\"wp-block-list\"><li>Einheitliche Anforderungen f\u00fcr alle Produkte im Kanton.<\/li><li>Bekanntheitsgrad des Labels steigt und wird durch Kommunikationsma\u00dfnahmen unterst\u00fctzt.<\/li><\/ul>\n\n\n<h4 class=\"wp-block-heading\">Gemeinschaft Neuch\u00e2tel Vins et Terroir<\/h4>\n\n\n\n<ul class=\"wp-block-list\"><li>Administrative Unterst\u00fctzung w\u00e4hrend des Zertifizierungsprozesses.<\/li><li>Networking, Unterst\u00fctzung der Kommunikation, Werbema\u00dfnahmen.<\/li><\/ul><\/div>\n<\/div>\n\n<div style=\"height:15px\" aria-hidden=\"true\" class=\"wp-block-spacer\"><\/div>\n\n<h3 class=\"wp-block-heading\">F\u00fcr welche Arten von Produkten gilt das Siegel?<\/h3>\n\n<ul class=\"wp-block-list\"><li>Gem\u00fcse (Kartoffel, Zwiebel, Tomate, K\u00fcrbis, Bohne, Kohl usw.)<\/li><li>Obst (Apfel, Birne, Erdbeere, Himbeere, etc.)<\/li><li>B\u00e4ckereiprodukte (Taillaule, Brot, Baiser, Mehl etc.)<\/li><li>Fleischprodukte (Rind, Schwein, Gefl\u00fcgel, Wurstwaren, etc.)<\/li><li>Milchprodukte (Milch, K\u00e4se, Joghurt, Butter, etc.)<\/li><li>Getr\u00e4nke (Apfel- und Traubensaft, Sirup, Schnaps, etc.)<\/li><li>Aromatische Kr\u00e4uter (Basilikum, Minze, Serpolet etc.)<\/li><li>Andere Produkte (Honig, Eier, Linsen, etc.)<\/li><\/ul>\n<div style=\"height:15px\" aria-hidden=\"true\" class=\"wp-block-spacer\"><\/div>\n\n<div class=\"wp-block-file\"><a id=\"wp-block-file--media-14f4f4be-c08d-408b-8593-1a4e1e112e2d\" href=\"https:\/\/neuchatel-vins-terroir.ch\/wp-content\/uploads\/2022\/02\/0.-Reglement-de-la-marque_2022.pdf\">Reglement Labeling<\/a><a href=\"https:\/\/neuchatel-vins-terroir.ch\/wp-content\/uploads\/2022\/02\/0.-Reglement-de-la-marque_2022.pdf\" class=\"wp-block-file__button\" download=\"\" aria-describedby=\"wp-block-file--media-14f4f4be-c08d-408b-8593-1a4e1e112e2d\">Download<\/a><\/div>\n\n<div class=\"wp-block-buttons is-style-default is-content-justification-center is-layout-flex wp-container-core-buttons-is-layout-a89b3969 wp-block-buttons-is-layout-flex\">\n<div class=\"wp-block-button\"><a class=\"wp-block-button__link\" href=\"https:\/\/neuchatel-vins-terroir.edirekt.app\/\" target=\"_blank\" rel=\"noreferrer noopener\">Anmeldung f\u00fcr das Label<\/a><\/div>\n<\/div>\n\n<div style=\"height:55px\" aria-hidden=\"true\" class=\"wp-block-spacer\"><\/div>\n\n<h2 class=\"wp-block-heading\">Partner des Terroirs<\/h2>\n\n<p>Das Promotionsorgan &#8222;Neuch\u00e2tel Vins et Terroir&#8220; (NVT) ermutigt die Verkaufseinrichtungen des Kantons Neuenburg, regionale Produkte mit der Marke &#8222;Neuch\u00e2tel Vins et Terroir&#8220; in ihr Produktsortiment aufzunehmen. Ziel ist es, die Akteure unserer Region zu unterst\u00fctzen und den Konsum von lokalen Produkten bei den Kunden von hier und anderswo zu f\u00f6rdern. Die teilnehmenden Gesch\u00e4fte k\u00f6nnen sich so von anderen Betrieben abheben, die nicht in dieses Konzept passen.<\/p>\n\n<h3 class=\"wp-block-heading\">Kriterien<\/h3>\n\n<div class=\"wp-block-columns has-light-skin-background-color has-background is-layout-flex wp-container-core-columns-is-layout-28f84493 wp-block-columns-is-layout-flex\">\n<div class=\"wp-block-column is-layout-flow wp-block-column-is-layout-flow\">\n<h4 class=\"wp-block-heading\">Weine<\/h4>\n\n\n\n<p>Die Neuenburger Weine m\u00fcssen hervorgehoben werden. es muss mindestens ein Chasselas, ein \u0152il de Perdrix und ein Pinot Noir aus Neuenburg vorhanden sein.<\/p>\n<\/div>\n\n\n\n<div class=\"wp-block-column is-layout-flow wp-block-column-is-layout-flow\">\n<h4 class=\"wp-block-heading\">Produkt aus der Region<\/h4>\n\n\n\n<p><strong>Handel<\/strong><br\/>Mindestens 5 Produkte mit NVT-Label<\/p>\n\n\n\n<p><strong>Restaurant<\/strong><br\/>1 Men\u00fc mit 3 gelabelten Produkten<br\/>4 Gerichte, die Produkte mit den Label enthalten<br\/>4 K\u00e4se mit G\u00fctersiegel <br\/>4 Neuenburger Produkte im Fr\u00fchst\u00fccksangebot<\/p>\n<\/div>\n\n\n\n<div class=\"wp-block-column is-layout-flow wp-block-column-is-layout-flow\">\n<h4 class=\"wp-block-heading\">Getr\u00e4nke<\/h4>\n\n\n\n<p>Mindestens 1 alkoholfreies Getr\u00e4nk aus der Region<\/p>\n<\/div>\n\n\n\n<div class=\"wp-block-column is-layout-flow wp-block-column-is-layout-flow\">\n<h4 class=\"wp-block-heading\">Eaux min\u00e9rales<\/h4>\n\n\n\n<p>Bei einem Verkauf von Wasser muss dieses schweizerisch sein.<\/p>\n<\/div>\n<\/div>\n\n<div class=\"wp-block-buttons is-content-justification-center is-layout-flex wp-container-core-buttons-is-layout-a89b3969 wp-block-buttons-is-layout-flex\">\n<div class=\"wp-block-button\"><a class=\"wp-block-button__link\" href=\"https:\/\/neuchatel-vins-terroir.ch\/de\/partner-des-terroirs\/\" target=\"_blank\" rel=\"noreferrer noopener\">Anmeldung Partner des Terroirs<\/a><\/div>\n<\/div>\n\n<div style=\"height:44px\" aria-hidden=\"true\" class=\"wp-block-spacer\"><\/div>\n\n<h2 class=\"wp-block-heading\">Traditionelle Produkte <\/h2>\n\n<p>Traditionelle Produkte sind eine Produktkategorie, die symboltr\u00e4chtige Produkte unseres Kantons hervorhebt, die Teil unseres Erbes sind, aber leider f\u00fcr einige die Kriterien f\u00fcr ein Label nicht erf\u00fcllen k\u00f6nnen.<\/p>\n\n<div class=\"wp-block-columns is-layout-flex wp-container-core-columns-is-layout-28f84493 wp-block-columns-is-layout-flex\">\n<div class=\"wp-block-column is-layout-flow wp-block-column-is-layout-flow\">\n<h4 class=\"has-text-align-center wp-block-heading\">Absinthe<br\/><\/h4>\n\n\n\n<figure class=\"wp-block-image aligncenter size-thumbnail\"><img decoding=\"async\" src=\"https:\/\/neuchatel-vins-terroir.ch\/wp-content\/uploads\/2022\/02\/Association-Pays-de-labsinthe-&#xAE;Guillaume-Perret_absinthe2-150x150.jpg\" alt=\"\" class=\"wp-image-27010\"\/><\/figure><\/div>\n\n\n\n<div class=\"wp-block-column is-layout-flow wp-block-column-is-layout-flow\">\n<h4 class=\"has-text-align-center wp-block-heading\">Schokolade<br\/><\/h4>\n\n\n\n<figure class=\"wp-block-image aligncenter size-thumbnail\"><img loading=\"lazy\" decoding=\"async\" width=\"150\" height=\"150\" src=\"https:\/\/neuchatel-vins-terroir.ch\/wp-content\/uploads\/2022\/02\/chocolates-2224998_640-150x150.jpg\" alt=\"\" class=\"wp-image-27013\" srcset=\"https:\/\/neuchatel-vins-terroir.ch\/wp-content\/uploads\/2022\/02\/chocolates-2224998_640-150x150.jpg 150w, https:\/\/neuchatel-vins-terroir.ch\/wp-content\/uploads\/2022\/02\/chocolates-2224998_640-300x300.jpg 300w, https:\/\/neuchatel-vins-terroir.ch\/wp-content\/uploads\/2022\/02\/chocolates-2224998_640-100x100.jpg 100w\" sizes=\"auto, (max-width: 150px) 100vw, 150px\" \/><\/figure><\/div>\n\n\n\n<div class=\"wp-block-column is-layout-flow wp-block-column-is-layout-flow\">\n<h4 class=\"has-text-align-center wp-block-heading\">Neuenburger Saucisson<\/h4>\n\n\n\n<figure class=\"wp-block-image aligncenter size-thumbnail\"><img loading=\"lazy\" decoding=\"async\" width=\"150\" height=\"150\" src=\"https:\/\/neuchatel-vins-terroir.ch\/wp-content\/uploads\/2022\/02\/MartinWeiss_MONT_TDR_NERando_Torree_24-150x150.jpg\" alt=\"\" class=\"wp-image-27019\" srcset=\"https:\/\/neuchatel-vins-terroir.ch\/wp-content\/uploads\/2022\/02\/MartinWeiss_MONT_TDR_NERando_Torree_24-150x150.jpg 150w, https:\/\/neuchatel-vins-terroir.ch\/wp-content\/uploads\/2022\/02\/MartinWeiss_MONT_TDR_NERando_Torree_24-300x300.jpg 300w, https:\/\/neuchatel-vins-terroir.ch\/wp-content\/uploads\/2022\/02\/MartinWeiss_MONT_TDR_NERando_Torree_24-100x100.jpg 100w\" sizes=\"auto, (max-width: 150px) 100vw, 150px\" \/><\/figure><\/div>\n\n\n\n<div class=\"wp-block-column is-layout-flow wp-block-column-is-layout-flow\">\n<h4 class=\"has-text-align-center wp-block-heading\">K\u00e4sesorten<br\/><\/h4>\n\n\n\n<figure class=\"wp-block-image aligncenter size-thumbnail\"><img loading=\"lazy\" decoding=\"async\" width=\"150\" height=\"150\" src=\"https:\/\/neuchatel-vins-terroir.ch\/wp-content\/uploads\/2022\/02\/V2_Guillaume-Perret-3-1-150x150.jpg\" alt=\"\" class=\"wp-image-27031\" srcset=\"https:\/\/neuchatel-vins-terroir.ch\/wp-content\/uploads\/2022\/02\/V2_Guillaume-Perret-3-1-150x150.jpg 150w, https:\/\/neuchatel-vins-terroir.ch\/wp-content\/uploads\/2022\/02\/V2_Guillaume-Perret-3-1-300x300.jpg 300w, https:\/\/neuchatel-vins-terroir.ch\/wp-content\/uploads\/2022\/02\/V2_Guillaume-Perret-3-1-100x100.jpg 100w\" sizes=\"auto, (max-width: 150px) 100vw, 150px\" \/><\/figure><\/div>\n\n\n\n<div class=\"wp-block-column is-layout-flow wp-block-column-is-layout-flow\">\n<h4 class=\"has-text-align-center wp-block-heading\">Taillaule<br\/><\/h4>\n\n\n\n<figure class=\"wp-block-image aligncenter size-thumbnail\"><img loading=\"lazy\" decoding=\"async\" width=\"150\" height=\"150\" src=\"https:\/\/neuchatel-vins-terroir.ch\/wp-content\/uploads\/2022\/02\/taillaule-neuchatel-drapeau-ne-150x150.jpg\" alt=\"\" class=\"wp-image-27025\" srcset=\"https:\/\/neuchatel-vins-terroir.ch\/wp-content\/uploads\/2022\/02\/taillaule-neuchatel-drapeau-ne-150x150.jpg 150w, https:\/\/neuchatel-vins-terroir.ch\/wp-content\/uploads\/2022\/02\/taillaule-neuchatel-drapeau-ne-300x300.jpg 300w, https:\/\/neuchatel-vins-terroir.ch\/wp-content\/uploads\/2022\/02\/taillaule-neuchatel-drapeau-ne-100x100.jpg 100w\" sizes=\"auto, (max-width: 150px) 100vw, 150px\" \/><\/figure><\/div>\n<\/div>\n\n<div class=\"wp-block-buttons is-content-justification-center is-layout-flex wp-container-core-buttons-is-layout-a89b3969 wp-block-buttons-is-layout-flex\">\n<div class=\"wp-block-button\"><a class=\"wp-block-button__link\" href=\"https:\/\/neuchatel-vins-terroir.ch\/de\/traditionelle-produkte\/\" target=\"_blank\" rel=\"noreferrer noopener\">Anmeldung und Zahlung<\/a><\/div>\n<\/div>\n","protected":false},"excerpt":{"rendered":"<p>Produkte mit dem Siegel Das Label &#8222;Neuch\u00e2tel Vins et Terroir&#8220; folgt den Vorgaben der nationalen Richtlinien regio.garantie, die Eigentum der [&hellip;]<\/p>\n","protected":false},"author":25,"featured_media":0,"parent":0,"menu_order":53,"comment_status":"closed","ping_status":"closed","template":"","meta":{"_acf_changed":false,"_kad_blocks_custom_css":"","_kad_blocks_head_custom_js":"","_kad_blocks_body_custom_js":"","_kad_blocks_footer_custom_js":"","footnotes":""},"class_list":["post-27908","page","type-page","status-publish","hentry"],"acf":[],"yoast_head":"<!-- This site is optimized with the Yoast SEO plugin v27.4 - https:\/\/yoast.com\/product\/yoast-seo-wordpress\/ -->\n<title>Das Label Neuch\u00e2tel Vins et Terroir - Neuch\u00e2tel vins et terroir<\/title>\n<meta name=\"robots\" content=\"index, follow, max-snippet:-1, max-image-preview:large, max-video-preview:-1\" \/>\n<link rel=\"canonical\" href=\"https:\/\/neuchatel-vins-terroir.ch\/de\/le-label-neuchatel-vins-et-terroir\/\" \/>\n<meta property=\"og:locale\" content=\"de_DE\" \/>\n<meta property=\"og:type\" content=\"article\" \/>\n<meta property=\"og:title\" content=\"Das Label Neuch\u00e2tel Vins et Terroir - Neuch\u00e2tel vins et terroir\" \/>\n<meta property=\"og:description\" content=\"Produkte mit dem Siegel Das Label &#8222;Neuch\u00e2tel Vins et Terroir&#8220; folgt den Vorgaben der nationalen Richtlinien regio.garantie, die Eigentum der [&hellip;]\" \/>\n<meta property=\"og:url\" content=\"https:\/\/neuchatel-vins-terroir.ch\/de\/le-label-neuchatel-vins-et-terroir\/\" \/>\n<meta property=\"og:site_name\" content=\"Neuch\u00e2tel vins et terroir\" \/>\n<meta property=\"article:modified_time\" content=\"2023-04-13T13:27:16+00:00\" \/>\n<meta property=\"og:image\" content=\"https:\/\/neuchatel-vins-terroir.ch\/wp-content\/uploads\/2022\/02\/NVT-Regio.jpg\" \/>\n\t<meta property=\"og:image:width\" content=\"2000\" \/>\n\t<meta property=\"og:image:height\" content=\"2000\" \/>\n\t<meta property=\"og:image:type\" content=\"image\/jpeg\" \/>\n<meta name=\"twitter:card\" content=\"summary_large_image\" \/>\n<meta name=\"twitter:label1\" content=\"Gesch\u00e4tzte Lesezeit\" \/>\n\t<meta name=\"twitter:data1\" content=\"2\u00a0Minuten\" \/>\n<script type=\"application\/ld+json\" class=\"yoast-schema-graph\">{\"@context\":\"https:\\\/\\\/schema.org\",\"@graph\":[{\"@type\":\"WebPage\",\"@id\":\"https:\\\/\\\/neuchatel-vins-terroir.ch\\\/de\\\/le-label-neuchatel-vins-et-terroir\\\/\",\"url\":\"https:\\\/\\\/neuchatel-vins-terroir.ch\\\/de\\\/le-label-neuchatel-vins-et-terroir\\\/\",\"name\":\"Das Label Neuch\u00e2tel Vins et Terroir - Neuch\u00e2tel vins et terroir\",\"isPartOf\":{\"@id\":\"https:\\\/\\\/neuchatel-vins-terroir.ch\\\/#website\"},\"primaryImageOfPage\":{\"@id\":\"https:\\\/\\\/neuchatel-vins-terroir.ch\\\/de\\\/le-label-neuchatel-vins-et-terroir\\\/#primaryimage\"},\"image\":{\"@id\":\"https:\\\/\\\/neuchatel-vins-terroir.ch\\\/de\\\/le-label-neuchatel-vins-et-terroir\\\/#primaryimage\"},\"thumbnailUrl\":\"https:\\\/\\\/neuchatel-vins-terroir.ch\\\/wp-content\\\/uploads\\\/2022\\\/02\\\/NVT-Regio-150x150.png\",\"datePublished\":\"2022-02-23T08:30:35+00:00\",\"dateModified\":\"2023-04-13T13:27:16+00:00\",\"breadcrumb\":{\"@id\":\"https:\\\/\\\/neuchatel-vins-terroir.ch\\\/de\\\/le-label-neuchatel-vins-et-terroir\\\/#breadcrumb\"},\"inLanguage\":\"de\",\"potentialAction\":[{\"@type\":\"ReadAction\",\"target\":[\"https:\\\/\\\/neuchatel-vins-terroir.ch\\\/de\\\/le-label-neuchatel-vins-et-terroir\\\/\"]}]},{\"@type\":\"ImageObject\",\"inLanguage\":\"de\",\"@id\":\"https:\\\/\\\/neuchatel-vins-terroir.ch\\\/de\\\/le-label-neuchatel-vins-et-terroir\\\/#primaryimage\",\"url\":\"https:\\\/\\\/neuchatel-vins-terroir.ch\\\/wp-content\\\/uploads\\\/2022\\\/02\\\/NVT-Regio-150x150.png\",\"contentUrl\":\"https:\\\/\\\/neuchatel-vins-terroir.ch\\\/wp-content\\\/uploads\\\/2022\\\/02\\\/NVT-Regio-150x150.png\"},{\"@type\":\"BreadcrumbList\",\"@id\":\"https:\\\/\\\/neuchatel-vins-terroir.ch\\\/de\\\/le-label-neuchatel-vins-et-terroir\\\/#breadcrumb\",\"itemListElement\":[{\"@type\":\"ListItem\",\"position\":1,\"name\":\"Accueil\",\"item\":\"https:\\\/\\\/neuchatel-vins-terroir.ch\\\/de\\\/home\\\/\"},{\"@type\":\"ListItem\",\"position\":2,\"name\":\"Das Label Neuch\u00e2tel Vins et Terroir\"}]},{\"@type\":\"WebSite\",\"@id\":\"https:\\\/\\\/neuchatel-vins-terroir.ch\\\/#website\",\"url\":\"https:\\\/\\\/neuchatel-vins-terroir.ch\\\/\",\"name\":\"Neuch\u00e2tel vins et terroir\",\"description\":\"Neuch\u00e2tel vins et terroir\",\"publisher\":{\"@id\":\"https:\\\/\\\/neuchatel-vins-terroir.ch\\\/#organization\"},\"potentialAction\":[{\"@type\":\"SearchAction\",\"target\":{\"@type\":\"EntryPoint\",\"urlTemplate\":\"https:\\\/\\\/neuchatel-vins-terroir.ch\\\/?s={search_term_string}\"},\"query-input\":{\"@type\":\"PropertyValueSpecification\",\"valueRequired\":true,\"valueName\":\"search_term_string\"}}],\"inLanguage\":\"de\"},{\"@type\":\"Organization\",\"@id\":\"https:\\\/\\\/neuchatel-vins-terroir.ch\\\/#organization\",\"name\":\"Neuch\u00e2tel vins et terroir\",\"url\":\"https:\\\/\\\/neuchatel-vins-terroir.ch\\\/\",\"logo\":{\"@type\":\"ImageObject\",\"inLanguage\":\"de\",\"@id\":\"https:\\\/\\\/neuchatel-vins-terroir.ch\\\/#\\\/schema\\\/logo\\\/image\\\/\",\"url\":\"https:\\\/\\\/neuchatel-vins-terroir.ch\\\/wp-content\\\/uploads\\\/2021\\\/11\\\/logo_nvt.svg\",\"contentUrl\":\"https:\\\/\\\/neuchatel-vins-terroir.ch\\\/wp-content\\\/uploads\\\/2021\\\/11\\\/logo_nvt.svg\",\"width\":156,\"height\":82,\"caption\":\"Neuch\u00e2tel vins et terroir\"},\"image\":{\"@id\":\"https:\\\/\\\/neuchatel-vins-terroir.ch\\\/#\\\/schema\\\/logo\\\/image\\\/\"}}]}<\/script>\n<!-- \/ Yoast SEO plugin. -->","yoast_head_json":{"title":"Das Label Neuch\u00e2tel Vins et Terroir - Neuch\u00e2tel vins et terroir","robots":{"index":"index","follow":"follow","max-snippet":"max-snippet:-1","max-image-preview":"max-image-preview:large","max-video-preview":"max-video-preview:-1"},"canonical":"https:\/\/neuchatel-vins-terroir.ch\/de\/le-label-neuchatel-vins-et-terroir\/","og_locale":"de_DE","og_type":"article","og_title":"Das Label Neuch\u00e2tel Vins et Terroir - Neuch\u00e2tel vins et terroir","og_description":"Produkte mit dem Siegel Das Label &#8222;Neuch\u00e2tel Vins et Terroir&#8220; folgt den Vorgaben der nationalen Richtlinien regio.garantie, die Eigentum der [&hellip;]","og_url":"https:\/\/neuchatel-vins-terroir.ch\/de\/le-label-neuchatel-vins-et-terroir\/","og_site_name":"Neuch\u00e2tel vins et terroir","article_modified_time":"2023-04-13T13:27:16+00:00","og_image":[{"width":2000,"height":2000,"url":"https:\/\/neuchatel-vins-terroir.ch\/wp-content\/uploads\/2022\/02\/NVT-Regio.jpg","type":"image\/jpeg"}],"twitter_card":"summary_large_image","twitter_misc":{"Gesch\u00e4tzte Lesezeit":"2\u00a0Minuten"},"schema":{"@context":"https:\/\/schema.org","@graph":[{"@type":"WebPage","@id":"https:\/\/neuchatel-vins-terroir.ch\/de\/le-label-neuchatel-vins-et-terroir\/","url":"https:\/\/neuchatel-vins-terroir.ch\/de\/le-label-neuchatel-vins-et-terroir\/","name":"Das Label Neuch\u00e2tel Vins et Terroir - Neuch\u00e2tel vins et terroir","isPartOf":{"@id":"https:\/\/neuchatel-vins-terroir.ch\/#website"},"primaryImageOfPage":{"@id":"https:\/\/neuchatel-vins-terroir.ch\/de\/le-label-neuchatel-vins-et-terroir\/#primaryimage"},"image":{"@id":"https:\/\/neuchatel-vins-terroir.ch\/de\/le-label-neuchatel-vins-et-terroir\/#primaryimage"},"thumbnailUrl":"https:\/\/neuchatel-vins-terroir.ch\/wp-content\/uploads\/2022\/02\/NVT-Regio-150x150.png","datePublished":"2022-02-23T08:30:35+00:00","dateModified":"2023-04-13T13:27:16+00:00","breadcrumb":{"@id":"https:\/\/neuchatel-vins-terroir.ch\/de\/le-label-neuchatel-vins-et-terroir\/#breadcrumb"},"inLanguage":"de","potentialAction":[{"@type":"ReadAction","target":["https:\/\/neuchatel-vins-terroir.ch\/de\/le-label-neuchatel-vins-et-terroir\/"]}]},{"@type":"ImageObject","inLanguage":"de","@id":"https:\/\/neuchatel-vins-terroir.ch\/de\/le-label-neuchatel-vins-et-terroir\/#primaryimage","url":"https:\/\/neuchatel-vins-terroir.ch\/wp-content\/uploads\/2022\/02\/NVT-Regio-150x150.png","contentUrl":"https:\/\/neuchatel-vins-terroir.ch\/wp-content\/uploads\/2022\/02\/NVT-Regio-150x150.png"},{"@type":"BreadcrumbList","@id":"https:\/\/neuchatel-vins-terroir.ch\/de\/le-label-neuchatel-vins-et-terroir\/#breadcrumb","itemListElement":[{"@type":"ListItem","position":1,"name":"Accueil","item":"https:\/\/neuchatel-vins-terroir.ch\/de\/home\/"},{"@type":"ListItem","position":2,"name":"Das Label Neuch\u00e2tel Vins et Terroir"}]},{"@type":"WebSite","@id":"https:\/\/neuchatel-vins-terroir.ch\/#website","url":"https:\/\/neuchatel-vins-terroir.ch\/","name":"Neuch\u00e2tel vins et terroir","description":"Neuch\u00e2tel vins et terroir","publisher":{"@id":"https:\/\/neuchatel-vins-terroir.ch\/#organization"},"potentialAction":[{"@type":"SearchAction","target":{"@type":"EntryPoint","urlTemplate":"https:\/\/neuchatel-vins-terroir.ch\/?s={search_term_string}"},"query-input":{"@type":"PropertyValueSpecification","valueRequired":true,"valueName":"search_term_string"}}],"inLanguage":"de"},{"@type":"Organization","@id":"https:\/\/neuchatel-vins-terroir.ch\/#organization","name":"Neuch\u00e2tel vins et terroir","url":"https:\/\/neuchatel-vins-terroir.ch\/","logo":{"@type":"ImageObject","inLanguage":"de","@id":"https:\/\/neuchatel-vins-terroir.ch\/#\/schema\/logo\/image\/","url":"https:\/\/neuchatel-vins-terroir.ch\/wp-content\/uploads\/2021\/11\/logo_nvt.svg","contentUrl":"https:\/\/neuchatel-vins-terroir.ch\/wp-content\/uploads\/2021\/11\/logo_nvt.svg","width":156,"height":82,"caption":"Neuch\u00e2tel vins et terroir"},"image":{"@id":"https:\/\/neuchatel-vins-terroir.ch\/#\/schema\/logo\/image\/"}}]}},"taxonomy_info":[],"featured_image_src_large":false,"author_info":{"display_name":"Neuchatel Vins et Terroir NVT","author_link":"https:\/\/neuchatel-vins-terroir.ch\/de\/author\/nvt\/"},"comment_info":0,"publishpress_future_workflow_manual_trigger":{"enabledWorkflows":[]},"_links":{"self":[{"href":"https:\/\/neuchatel-vins-terroir.ch\/de\/wp-json\/wp\/v2\/pages\/27908","targetHints":{"allow":["GET"]}}],"collection":[{"href":"https:\/\/neuchatel-vins-terroir.ch\/de\/wp-json\/wp\/v2\/pages"}],"about":[{"href":"https:\/\/neuchatel-vins-terroir.ch\/de\/wp-json\/wp\/v2\/types\/page"}],"author":[{"embeddable":true,"href":"https:\/\/neuchatel-vins-terroir.ch\/de\/wp-json\/wp\/v2\/users\/25"}],"replies":[{"embeddable":true,"href":"https:\/\/neuchatel-vins-terroir.ch\/de\/wp-json\/wp\/v2\/comments?post=27908"}],"version-history":[{"count":3,"href":"https:\/\/neuchatel-vins-terroir.ch\/de\/wp-json\/wp\/v2\/pages\/27908\/revisions"}],"predecessor-version":[{"id":33823,"href":"https:\/\/neuchatel-vins-terroir.ch\/de\/wp-json\/wp\/v2\/pages\/27908\/revisions\/33823"}],"wp:attachment":[{"href":"https:\/\/neuchatel-vins-terroir.ch\/de\/wp-json\/wp\/v2\/media?parent=27908"}],"curies":[{"name":"wp","href":"https:\/\/api.w.org\/{rel}","templated":true}]}}