{"id":31708,"date":"2022-10-25T10:10:13","date_gmt":"2022-10-25T10:10:13","guid":{"rendered":"https:\/\/neuchatel-vins-terroir.ch\/?page_id=31708"},"modified":"2026-04-30T14:02:06","modified_gmt":"2026-04-30T12:02:06","slug":"neuenburger-oeil-de-perdrix","status":"publish","type":"page","link":"https:\/\/neuchatel-vins-terroir.ch\/de\/neuenburger-oeil-de-perdrix\/","title":{"rendered":"\u0152il de Perdrix"},"content":{"rendered":"\n<div class=\"wp-block-group alignfull has-pink-perdrix-background-color has-background is-layout-constrained wp-block-group-is-layout-constrained\" style=\"min-height:px;padding-top:0;padding-bottom:0\">\n<div class=\"wp-block-columns alignwide are-vertically-aligned-center is-layout-flex wp-container-core-columns-is-layout-28f84493 wp-block-columns-is-layout-flex\">\n<div class=\"wp-block-column is-vertically-aligned-center is-layout-flow wp-block-column-is-layout-flow\">\n<div class=\"wp-block-group is-layout-constrained wp-container-core-group-is-layout-cf039733 wp-block-group-is-layout-constrained\" style=\"padding-top:var(--wp--preset--spacing--50);padding-right:var(--wp--preset--spacing--50);padding-bottom:var(--wp--preset--spacing--50);padding-left:var(--wp--preset--spacing--50)\">\n<h2 class=\"wp-block-heading has-white-color has-text-color has-link-color wp-elements-cd185e4dc52c6a61340dbfdebe3d76d0\"><strong>L\u2019\u0152IL DE PERDRIX FEIERT <\/strong><br><strong>SEIN 165-J\u00c4HRIGES BESTEHEN<\/strong><\/h2>\n\n\n\n<p class=\"has-white-color has-text-color has-link-color has-large-font-size wp-elements-12ab92460eaaa1ebd8b869cfa35b090f\"><br>Dieser charakteristische Ros\u00e9wein hat seinen Ursprung in der Region Neuenburg. Aus kurz mazeriertem Pinot Noir gewonnen, hat sich der \u0152il de Perdrix hier \u00fcber die Jahre hinweg entwickelt und verfeinert. F\u00fcr Kenner ist der Neuenburger \u0152il de Perdrix daher \u00abdas Original\u00bb.<\/p>\n<\/div>\n<\/div>\n\n\n\n<div class=\"wp-block-column is-vertically-aligned-center is-layout-flow wp-block-column-is-layout-flow\">\n<div class=\"wp-block-cover is-light\" style=\"min-height:600px;aspect-ratio:unset;\"><img loading=\"lazy\" decoding=\"async\" width=\"1024\" height=\"1024\" class=\"wp-block-cover__image-background wp-image-47930 size-large\" alt=\"\" src=\"https:\/\/neuchatel-vins-terroir.ch\/wp-content\/uploads\/2026\/04\/VT-530_BLANC-scaled_square-1024x1024.jpg\" data-object-fit=\"cover\" srcset=\"https:\/\/neuchatel-vins-terroir.ch\/wp-content\/uploads\/2026\/04\/VT-530_BLANC-scaled_square-1024x1024.jpg 1024w, https:\/\/neuchatel-vins-terroir.ch\/wp-content\/uploads\/2026\/04\/VT-530_BLANC-scaled_square-300x300.jpg 300w, https:\/\/neuchatel-vins-terroir.ch\/wp-content\/uploads\/2026\/04\/VT-530_BLANC-scaled_square-150x150.jpg 150w, https:\/\/neuchatel-vins-terroir.ch\/wp-content\/uploads\/2026\/04\/VT-530_BLANC-scaled_square-768x768.jpg 768w, https:\/\/neuchatel-vins-terroir.ch\/wp-content\/uploads\/2026\/04\/VT-530_BLANC-scaled_square-1536x1536.jpg 1536w, https:\/\/neuchatel-vins-terroir.ch\/wp-content\/uploads\/2026\/04\/VT-530_BLANC-scaled_square-600x600.jpg 600w, https:\/\/neuchatel-vins-terroir.ch\/wp-content\/uploads\/2026\/04\/VT-530_BLANC-scaled_square-100x100.jpg 100w, https:\/\/neuchatel-vins-terroir.ch\/wp-content\/uploads\/2026\/04\/VT-530_BLANC-scaled_square.jpg 1853w\" sizes=\"auto, (max-width: 1024px) 100vw, 1024px\" \/><span aria-hidden=\"true\" class=\"wp-block-cover__background has-background-dim-0 has-background-dim\" style=\"background-color:#f9f1ee\"><\/span><div class=\"wp-block-cover__inner-container is-layout-constrained wp-block-cover-is-layout-constrained\">\n<p class=\"has-text-align-center has-large-font-size\"><\/p>\n<\/div><\/div>\n<\/div>\n<\/div>\n<\/div>\n\n\n\n<div style=\"height:50px\" aria-hidden=\"true\" class=\"wp-block-spacer wp-embed-aspect-16-9 wp-has-aspect-ratio\"><\/div>\n\n\n\n<div class=\"wp-block-columns is-layout-flex wp-container-core-columns-is-layout-28f84493 wp-block-columns-is-layout-flex\">\n<div class=\"wp-block-column is-layout-flow wp-block-column-is-layout-flow\" style=\"flex-basis:25%\"><\/div>\n\n\n\n<div class=\"wp-block-column is-layout-flow wp-block-column-is-layout-flow\" style=\"flex-basis:50%\">\n<div class=\"wp-block-group is-layout-constrained wp-block-group-is-layout-constrained\">\n<p class=\"has-text-align-left\">Die erste offizielle Spur dieses traditionsreichen Weins f\u00fchrt ins Jahr 1861: Damals liess der Weinh\u00e4ndler Louis Bovet aus Areuse die erste Etikette drucken. Damit begann die Geschichte eines Ros\u00e9s, der sich bis heute als feste Gr\u00f6sse der Neuenburger Weintradition etabliert hat.<\/p>\n\n\n\n<p>Zum Jubil\u00e4um pr\u00e4sentieren die Neuenburger Weing\u00fcter diesen ikonischen Wein in einer neuen, transparenten Flasche, die seine zart leuchtende Farbe besonders eindrucksvoll zur Geltung bringt.<\/p>\n\n\n\n<p>Um dieses besondere Jubil\u00e4um geb\u00fchrend zu feiern, stellten sich sechs Mixologen aus Neuenburg der Herausforderung, einen Signaturcocktail zu kreieren. Ihre Kompositionen wurden von einer Jury aus Winzern und Gastronomen bewertet.<\/p>\n\n\n\n<p>Als grosser Gewinner ging <strong>\u201eLe Clin d\u2019\u0152il\u201c<\/strong>, kreiert von Juleps Cocktail, hervor. Ein subtiler, eleganter und zeitgem\u00e4sser Cocktail, der den \u0152il de Perdrix auf kreative und raffinierte Weise neu interpretiert.<\/p>\n<\/div>\n<\/div>\n\n\n\n<div class=\"wp-block-column is-layout-flow wp-block-column-is-layout-flow\" style=\"flex-basis:25%\"><\/div>\n<\/div>\n\n\n\n<div style=\"height:96px\" aria-hidden=\"true\" class=\"wp-block-spacer\"><\/div>\n\n\n\n<div class=\"wp-block-group alignfull has-lighter-background-color has-background is-layout-constrained wp-block-group-is-layout-constrained\" style=\"padding-top:0;padding-bottom:0\">\n<div class=\"wp-block-columns alignwide are-vertically-aligned-center is-layout-flex wp-container-core-columns-is-layout-28f84493 wp-block-columns-is-layout-flex\" id=\"cta-degustation\">\n<div class=\"wp-block-column is-vertically-aligned-center is-layout-flow wp-block-column-is-layout-flow\">\n<div class=\"wp-block-group is-layout-constrained wp-container-core-group-is-layout-f611be13 wp-block-group-is-layout-constrained\" style=\"padding-top:var(--wp--preset--spacing--50);padding-right:var(--wp--preset--spacing--50);padding-bottom:var(--wp--preset--spacing--50);padding-left:var(--wp--preset--spacing--50)\">\n<h2 class=\"wp-block-heading has-text-align-left has-pink-perdrix-color has-text-color has-link-color wp-elements-273de341d38c548354c4019e5954ab50\">DEGUSTATION <\/h2>\n\n\n\n<h2 class=\"wp-block-heading has-text-align-left has-secondary-color has-text-color has-link-color wp-elements-c6fc8668a9de86fa69b4bdb6f817f849\">Donnerstag, 18. Juni 2026<br>Place du Port &#8211; Neuch\u00e2tel<\/h2>\n\n\n\n<ul class=\"wp-block-list is-style-list-check has-red-perdrix-color has-text-color has-link-color has-regular-font-size wp-elements-0e1e2a9ad050522025659d37c79668a5\">\n<li class=\"has-secondary-color has-text-color has-link-color wp-elements-80c9b0005605afefa295d1b2d1020de0\">Eintritt inkl. Degustationsglas CHF 20.-<\/li>\n\n\n\n<li class=\"has-secondary-color has-text-color has-link-color wp-elements-36db7c588f9c4540764186b2af166af3\">35 \u0152il de Perdrix zum Degustieren<\/li>\n\n\n\n<li class=\"has-secondary-color has-text-color has-link-color wp-elements-2e4bfddc26fb01d7a640ddc0a31da44a\">Musikalische Unterhaltung<\/li>\n\n\n\n<li class=\"has-secondary-color has-text-color has-link-color wp-elements-43f5d00820ef8f195fd1fedf8a090702\">Foodtrucks<\/li>\n<\/ul>\n\n\n\n<p class=\"has-text-align-left\">17.00 bis 20.00 Uhr \u2013 Degustation<\/p>\n\n\n\n<p>Ab 21.00 Uhr \u2013 Live-\u00dcbertragung des WM-Spiels der Schweizer Fussballnati auf Grossbildschirm<\/p>\n\n\n\n<p>Kostenlose Shuttlebusse f\u00fcr die Hin- und R\u00fcckfahrt zwischen La Chaux-de-Fonds, Boudevilliers und Neuch\u00e2tel<\/p>\n\n\n\n<div class=\"wp-block-buttons is-content-justification-left is-layout-flex wp-container-core-buttons-is-layout-fc4fd283 wp-block-buttons-is-layout-flex\">\n<div class=\"wp-block-button is-style-outline is-style-outline--1\"><a class=\"wp-block-button__link has-pink-perdrix-color has-text-color has-link-color wp-element-button\" href=\"https:\/\/neuchatel-vins-terroir.ch\/wp-content\/uploads\/2026\/04\/NVT_ODP_DEGUSTE_PARTICIPANTS_FR_RS_1080X1350_26-scaled.png\" target=\"_blank\" rel=\"noreferrer noopener\"><strong>Liste der anwesenden Weinkellereien<\/strong><\/a><\/div>\n\n\n\n<div class=\"wp-block-button is-style-outline is-style-outline--2\"><a class=\"wp-block-button__link has-white-color has-pink-perdrix-background-color has-text-color has-background has-link-color wp-element-button\" href=\"https:\/\/discover.smeetz.com\/fr\/product\/b2b\/degustation-publique-oeil-de-perdrix-2026?referrer=preview&amp;productId=75654\" target=\"_blank\" rel=\"noreferrer noopener\"><strong>Tickets kaufen<\/strong><\/a><\/div>\n<\/div>\n<\/div>\n<\/div>\n\n\n\n<div class=\"wp-block-column is-vertically-aligned-center is-layout-flow wp-block-column-is-layout-flow\">\n<figure class=\"wp-block-image size-large\"><img loading=\"lazy\" decoding=\"async\" width=\"1024\" height=\"964\" src=\"https:\/\/neuchatel-vins-terroir.ch\/wp-content\/uploads\/2026\/04\/Design-sans-titre-1-1-e1777383921495-1024x964.jpg\" alt=\"\" class=\"wp-image-47883\" srcset=\"https:\/\/neuchatel-vins-terroir.ch\/wp-content\/uploads\/2026\/04\/Design-sans-titre-1-1-e1777383921495-1024x964.jpg 1024w, https:\/\/neuchatel-vins-terroir.ch\/wp-content\/uploads\/2026\/04\/Design-sans-titre-1-1-e1777383921495-300x283.jpg 300w, https:\/\/neuchatel-vins-terroir.ch\/wp-content\/uploads\/2026\/04\/Design-sans-titre-1-1-e1777383921495-768x723.jpg 768w, https:\/\/neuchatel-vins-terroir.ch\/wp-content\/uploads\/2026\/04\/Design-sans-titre-1-1-e1777383921495-600x565.jpg 600w, https:\/\/neuchatel-vins-terroir.ch\/wp-content\/uploads\/2026\/04\/Design-sans-titre-1-1-e1777383921495.jpg 1080w\" sizes=\"auto, (max-width: 1024px) 100vw, 1024px\" \/><\/figure>\n<\/div>\n<\/div>\n<\/div>\n\n\n\n<div style=\"height:75px\" aria-hidden=\"true\" class=\"wp-block-spacer\"><\/div>\n\n\n\n<figure class=\"wp-block-embed aligncenter is-type-video is-provider-youtube wp-block-embed-youtube wp-embed-aspect-16-9 wp-has-aspect-ratio\"><div class=\"wp-block-embed__wrapper\">\n<iframe loading=\"lazy\" title=\"Neuch\u00e2tel \u0152il de Perdrix, l&#039;Original\" width=\"422\" height=\"750\" src=\"https:\/\/www.youtube.com\/embed\/kgqtCUsdUVY?feature=oembed\" frameborder=\"0\" allow=\"accelerometer; autoplay; clipboard-write; encrypted-media; gyroscope; picture-in-picture; web-share\" referrerpolicy=\"strict-origin-when-cross-origin\" allowfullscreen><\/iframe>\n<\/div><\/figure>\n\n\n\n<div style=\"height:100px\" aria-hidden=\"true\" class=\"wp-block-spacer\"><\/div>\n","protected":false},"excerpt":{"rendered":"<p>L\u2019\u0152IL DE PERDRIX FEIERT SEIN 165-J\u00c4HRIGES BESTEHEN Dieser charakteristische Ros\u00e9wein hat seinen Ursprung in der Region Neuenburg. Aus kurz mazeriertem [&hellip;]<\/p>\n","protected":false},"author":25,"featured_media":34226,"parent":0,"menu_order":30,"comment_status":"closed","ping_status":"closed","template":"","meta":{"_acf_changed":false,"_kad_blocks_custom_css":"","_kad_blocks_head_custom_js":"","_kad_blocks_body_custom_js":"","_kad_blocks_footer_custom_js":"","footnotes":""},"class_list":["post-31708","page","type-page","status-publish","has-post-thumbnail","hentry"],"acf":[],"yoast_head":"<!-- This site is optimized with the Yoast SEO plugin v27.5 - https:\/\/yoast.com\/product\/yoast-seo-wordpress\/ -->\n<title>\u0152il de Perdrix - Neuch\u00e2tel vins et terroir<\/title>\n<meta name=\"robots\" content=\"index, follow, max-snippet:-1, max-image-preview:large, max-video-preview:-1\" \/>\n<link rel=\"canonical\" href=\"https:\/\/neuchatel-vins-terroir.ch\/de\/neuenburger-oeil-de-perdrix\/\" \/>\n<meta property=\"og:locale\" content=\"de_DE\" \/>\n<meta property=\"og:type\" content=\"article\" \/>\n<meta property=\"og:title\" content=\"\u0152il de Perdrix - Neuch\u00e2tel vins et terroir\" \/>\n<meta property=\"og:description\" content=\"L\u2019\u0152IL DE PERDRIX FEIERT SEIN 165-J\u00c4HRIGES BESTEHEN Dieser charakteristische Ros\u00e9wein hat seinen Ursprung in der Region Neuenburg. Aus kurz mazeriertem [&hellip;]\" \/>\n<meta property=\"og:url\" content=\"https:\/\/neuchatel-vins-terroir.ch\/de\/neuenburger-oeil-de-perdrix\/\" \/>\n<meta property=\"og:site_name\" content=\"Neuch\u00e2tel vins et terroir\" \/>\n<meta property=\"article:modified_time\" content=\"2026-04-30T12:02:06+00:00\" \/>\n<meta property=\"og:image\" content=\"https:\/\/neuchatel-vins-terroir.ch\/wp-content\/uploads\/2023\/05\/Banniere-site-1920-\u00d7-640-px-1920-\u00d7-120-px.png\" \/>\n\t<meta property=\"og:image:width\" content=\"1920\" \/>\n\t<meta property=\"og:image:height\" content=\"120\" \/>\n\t<meta property=\"og:image:type\" content=\"image\/png\" \/>\n<meta name=\"twitter:card\" content=\"summary_large_image\" \/>\n<meta name=\"twitter:label1\" content=\"Gesch\u00e4tzte Lesezeit\" \/>\n\t<meta name=\"twitter:data1\" content=\"2\u00a0Minuten\" \/>\n<script type=\"application\/ld+json\" class=\"yoast-schema-graph\">{\"@context\":\"https:\\\/\\\/schema.org\",\"@graph\":[{\"@type\":\"WebPage\",\"@id\":\"https:\\\/\\\/neuchatel-vins-terroir.ch\\\/de\\\/neuenburger-oeil-de-perdrix\\\/\",\"url\":\"https:\\\/\\\/neuchatel-vins-terroir.ch\\\/de\\\/neuenburger-oeil-de-perdrix\\\/\",\"name\":\"\u0152il de Perdrix - Neuch\u00e2tel vins et terroir\",\"isPartOf\":{\"@id\":\"https:\\\/\\\/neuchatel-vins-terroir.ch\\\/#website\"},\"primaryImageOfPage\":{\"@id\":\"https:\\\/\\\/neuchatel-vins-terroir.ch\\\/de\\\/neuenburger-oeil-de-perdrix\\\/#primaryimage\"},\"image\":{\"@id\":\"https:\\\/\\\/neuchatel-vins-terroir.ch\\\/de\\\/neuenburger-oeil-de-perdrix\\\/#primaryimage\"},\"thumbnailUrl\":\"https:\\\/\\\/neuchatel-vins-terroir.ch\\\/wp-content\\\/uploads\\\/2023\\\/05\\\/Banniere-site-1920-\u00d7-640-px-1920-\u00d7-120-px.png\",\"datePublished\":\"2022-10-25T10:10:13+00:00\",\"dateModified\":\"2026-04-30T12:02:06+00:00\",\"breadcrumb\":{\"@id\":\"https:\\\/\\\/neuchatel-vins-terroir.ch\\\/de\\\/neuenburger-oeil-de-perdrix\\\/#breadcrumb\"},\"inLanguage\":\"de\",\"potentialAction\":[{\"@type\":\"ReadAction\",\"target\":[\"https:\\\/\\\/neuchatel-vins-terroir.ch\\\/de\\\/neuenburger-oeil-de-perdrix\\\/\"]}]},{\"@type\":\"ImageObject\",\"inLanguage\":\"de\",\"@id\":\"https:\\\/\\\/neuchatel-vins-terroir.ch\\\/de\\\/neuenburger-oeil-de-perdrix\\\/#primaryimage\",\"url\":\"https:\\\/\\\/neuchatel-vins-terroir.ch\\\/wp-content\\\/uploads\\\/2023\\\/05\\\/Banniere-site-1920-\u00d7-640-px-1920-\u00d7-120-px.png\",\"contentUrl\":\"https:\\\/\\\/neuchatel-vins-terroir.ch\\\/wp-content\\\/uploads\\\/2023\\\/05\\\/Banniere-site-1920-\u00d7-640-px-1920-\u00d7-120-px.png\",\"width\":1920,\"height\":120},{\"@type\":\"BreadcrumbList\",\"@id\":\"https:\\\/\\\/neuchatel-vins-terroir.ch\\\/de\\\/neuenburger-oeil-de-perdrix\\\/#breadcrumb\",\"itemListElement\":[{\"@type\":\"ListItem\",\"position\":1,\"name\":\"Accueil\",\"item\":\"https:\\\/\\\/neuchatel-vins-terroir.ch\\\/de\\\/home\\\/\"},{\"@type\":\"ListItem\",\"position\":2,\"name\":\"\u0152il de Perdrix\"}]},{\"@type\":\"WebSite\",\"@id\":\"https:\\\/\\\/neuchatel-vins-terroir.ch\\\/#website\",\"url\":\"https:\\\/\\\/neuchatel-vins-terroir.ch\\\/\",\"name\":\"Neuch\u00e2tel vins et terroir\",\"description\":\"Neuch\u00e2tel vins et terroir\",\"publisher\":{\"@id\":\"https:\\\/\\\/neuchatel-vins-terroir.ch\\\/#organization\"},\"potentialAction\":[{\"@type\":\"SearchAction\",\"target\":{\"@type\":\"EntryPoint\",\"urlTemplate\":\"https:\\\/\\\/neuchatel-vins-terroir.ch\\\/?s={search_term_string}\"},\"query-input\":{\"@type\":\"PropertyValueSpecification\",\"valueRequired\":true,\"valueName\":\"search_term_string\"}}],\"inLanguage\":\"de\"},{\"@type\":\"Organization\",\"@id\":\"https:\\\/\\\/neuchatel-vins-terroir.ch\\\/#organization\",\"name\":\"Neuch\u00e2tel vins et terroir\",\"url\":\"https:\\\/\\\/neuchatel-vins-terroir.ch\\\/\",\"logo\":{\"@type\":\"ImageObject\",\"inLanguage\":\"de\",\"@id\":\"https:\\\/\\\/neuchatel-vins-terroir.ch\\\/#\\\/schema\\\/logo\\\/image\\\/\",\"url\":\"https:\\\/\\\/neuchatel-vins-terroir.ch\\\/wp-content\\\/uploads\\\/2021\\\/11\\\/logo_nvt.svg\",\"contentUrl\":\"https:\\\/\\\/neuchatel-vins-terroir.ch\\\/wp-content\\\/uploads\\\/2021\\\/11\\\/logo_nvt.svg\",\"width\":156,\"height\":82,\"caption\":\"Neuch\u00e2tel vins et terroir\"},\"image\":{\"@id\":\"https:\\\/\\\/neuchatel-vins-terroir.ch\\\/#\\\/schema\\\/logo\\\/image\\\/\"}}]}<\/script>\n<!-- \/ Yoast SEO plugin. -->","yoast_head_json":{"title":"\u0152il de Perdrix - Neuch\u00e2tel vins et terroir","robots":{"index":"index","follow":"follow","max-snippet":"max-snippet:-1","max-image-preview":"max-image-preview:large","max-video-preview":"max-video-preview:-1"},"canonical":"https:\/\/neuchatel-vins-terroir.ch\/de\/neuenburger-oeil-de-perdrix\/","og_locale":"de_DE","og_type":"article","og_title":"\u0152il de Perdrix - Neuch\u00e2tel vins et terroir","og_description":"L\u2019\u0152IL DE PERDRIX FEIERT SEIN 165-J\u00c4HRIGES BESTEHEN Dieser charakteristische Ros\u00e9wein hat seinen Ursprung in der Region Neuenburg. Aus kurz mazeriertem [&hellip;]","og_url":"https:\/\/neuchatel-vins-terroir.ch\/de\/neuenburger-oeil-de-perdrix\/","og_site_name":"Neuch\u00e2tel vins et terroir","article_modified_time":"2026-04-30T12:02:06+00:00","og_image":[{"width":1920,"height":120,"url":"https:\/\/neuchatel-vins-terroir.ch\/wp-content\/uploads\/2023\/05\/Banniere-site-1920-\u00d7-640-px-1920-\u00d7-120-px.png","type":"image\/png"}],"twitter_card":"summary_large_image","twitter_misc":{"Gesch\u00e4tzte Lesezeit":"2\u00a0Minuten"},"schema":{"@context":"https:\/\/schema.org","@graph":[{"@type":"WebPage","@id":"https:\/\/neuchatel-vins-terroir.ch\/de\/neuenburger-oeil-de-perdrix\/","url":"https:\/\/neuchatel-vins-terroir.ch\/de\/neuenburger-oeil-de-perdrix\/","name":"\u0152il de Perdrix - Neuch\u00e2tel vins et terroir","isPartOf":{"@id":"https:\/\/neuchatel-vins-terroir.ch\/#website"},"primaryImageOfPage":{"@id":"https:\/\/neuchatel-vins-terroir.ch\/de\/neuenburger-oeil-de-perdrix\/#primaryimage"},"image":{"@id":"https:\/\/neuchatel-vins-terroir.ch\/de\/neuenburger-oeil-de-perdrix\/#primaryimage"},"thumbnailUrl":"https:\/\/neuchatel-vins-terroir.ch\/wp-content\/uploads\/2023\/05\/Banniere-site-1920-\u00d7-640-px-1920-\u00d7-120-px.png","datePublished":"2022-10-25T10:10:13+00:00","dateModified":"2026-04-30T12:02:06+00:00","breadcrumb":{"@id":"https:\/\/neuchatel-vins-terroir.ch\/de\/neuenburger-oeil-de-perdrix\/#breadcrumb"},"inLanguage":"de","potentialAction":[{"@type":"ReadAction","target":["https:\/\/neuchatel-vins-terroir.ch\/de\/neuenburger-oeil-de-perdrix\/"]}]},{"@type":"ImageObject","inLanguage":"de","@id":"https:\/\/neuchatel-vins-terroir.ch\/de\/neuenburger-oeil-de-perdrix\/#primaryimage","url":"https:\/\/neuchatel-vins-terroir.ch\/wp-content\/uploads\/2023\/05\/Banniere-site-1920-\u00d7-640-px-1920-\u00d7-120-px.png","contentUrl":"https:\/\/neuchatel-vins-terroir.ch\/wp-content\/uploads\/2023\/05\/Banniere-site-1920-\u00d7-640-px-1920-\u00d7-120-px.png","width":1920,"height":120},{"@type":"BreadcrumbList","@id":"https:\/\/neuchatel-vins-terroir.ch\/de\/neuenburger-oeil-de-perdrix\/#breadcrumb","itemListElement":[{"@type":"ListItem","position":1,"name":"Accueil","item":"https:\/\/neuchatel-vins-terroir.ch\/de\/home\/"},{"@type":"ListItem","position":2,"name":"\u0152il de Perdrix"}]},{"@type":"WebSite","@id":"https:\/\/neuchatel-vins-terroir.ch\/#website","url":"https:\/\/neuchatel-vins-terroir.ch\/","name":"Neuch\u00e2tel vins et terroir","description":"Neuch\u00e2tel vins et terroir","publisher":{"@id":"https:\/\/neuchatel-vins-terroir.ch\/#organization"},"potentialAction":[{"@type":"SearchAction","target":{"@type":"EntryPoint","urlTemplate":"https:\/\/neuchatel-vins-terroir.ch\/?s={search_term_string}"},"query-input":{"@type":"PropertyValueSpecification","valueRequired":true,"valueName":"search_term_string"}}],"inLanguage":"de"},{"@type":"Organization","@id":"https:\/\/neuchatel-vins-terroir.ch\/#organization","name":"Neuch\u00e2tel vins et terroir","url":"https:\/\/neuchatel-vins-terroir.ch\/","logo":{"@type":"ImageObject","inLanguage":"de","@id":"https:\/\/neuchatel-vins-terroir.ch\/#\/schema\/logo\/image\/","url":"https:\/\/neuchatel-vins-terroir.ch\/wp-content\/uploads\/2021\/11\/logo_nvt.svg","contentUrl":"https:\/\/neuchatel-vins-terroir.ch\/wp-content\/uploads\/2021\/11\/logo_nvt.svg","width":156,"height":82,"caption":"Neuch\u00e2tel vins et terroir"},"image":{"@id":"https:\/\/neuchatel-vins-terroir.ch\/#\/schema\/logo\/image\/"}}]}},"taxonomy_info":[],"featured_image_src_large":["https:\/\/neuchatel-vins-terroir.ch\/wp-content\/uploads\/2023\/05\/Banniere-site-1920-\u00d7-640-px-1920-\u00d7-120-px-1024x64.png",1024,64,true],"author_info":{"display_name":"Neuchatel Vins et Terroir NVT","author_link":"https:\/\/neuchatel-vins-terroir.ch\/de\/author\/nvt\/"},"comment_info":0,"publishpress_future_workflow_manual_trigger":{"enabledWorkflows":[]},"_links":{"self":[{"href":"https:\/\/neuchatel-vins-terroir.ch\/de\/wp-json\/wp\/v2\/pages\/31708","targetHints":{"allow":["GET"]}}],"collection":[{"href":"https:\/\/neuchatel-vins-terroir.ch\/de\/wp-json\/wp\/v2\/pages"}],"about":[{"href":"https:\/\/neuchatel-vins-terroir.ch\/de\/wp-json\/wp\/v2\/types\/page"}],"author":[{"embeddable":true,"href":"https:\/\/neuchatel-vins-terroir.ch\/de\/wp-json\/wp\/v2\/users\/25"}],"replies":[{"embeddable":true,"href":"https:\/\/neuchatel-vins-terroir.ch\/de\/wp-json\/wp\/v2\/comments?post=31708"}],"version-history":[{"count":24,"href":"https:\/\/neuchatel-vins-terroir.ch\/de\/wp-json\/wp\/v2\/pages\/31708\/revisions"}],"predecessor-version":[{"id":47990,"href":"https:\/\/neuchatel-vins-terroir.ch\/de\/wp-json\/wp\/v2\/pages\/31708\/revisions\/47990"}],"wp:featuredmedia":[{"embeddable":true,"href":"https:\/\/neuchatel-vins-terroir.ch\/de\/wp-json\/wp\/v2\/media\/34226"}],"wp:attachment":[{"href":"https:\/\/neuchatel-vins-terroir.ch\/de\/wp-json\/wp\/v2\/media?parent=31708"}],"curies":[{"name":"wp","href":"https:\/\/api.w.org\/{rel}","templated":true}]}}