{"id":30846,"date":"2022-10-06T14:58:56","date_gmt":"2022-10-06T14:58:56","guid":{"rendered":"https:\/\/neuchatel-vins-terroir.ch\/partenaire\/fleur-de-lis\/"},"modified":"2024-05-03T10:43:02","modified_gmt":"2024-05-03T10:43:02","slug":"fleur-de-lis","status":"publish","type":"producer","link":"https:\/\/neuchatel-vins-terroir.ch\/de\/produzent\/fleur-de-lis\/","title":{"rendered":"Fleur de Lis"},"content":{"rendered":"<p>Die aus lokalen und saisonalen Produkten zubereiteten Gerichte k\u00f6nnen in einer freundlichen und herzlichen Umgebung genossen werden: ein Restaurant, ein Caf\u00e9 mit Tischen und Hochst\u00fchlen, eine Terrasse und ein privater Garten. Es ist ein Ort, der sich nach dem Fr\u00fchst\u00fcck tags\u00fcber idealerweise in einen Coworking Space verwandelt. Die K\u00fcche bietet eine Speisekarte, die sich eindeutig f\u00fcr die Option der Frische entschieden hat: Produkte aus der Region, also aus der N\u00e4he, und der Saison. Bietet einfache und schmackhafte Gerichte mit den Labels &#8222;hausgemacht und Neuch\u00e2tel Vins &amp; Terroir&#8220; an.<\/p>\n","protected":false},"featured_media":42078,"template":"","meta":{"_acf_changed":false,"_kad_blocks_custom_css":"","_kad_blocks_head_custom_js":"","_kad_blocks_body_custom_js":"","_kad_blocks_footer_custom_js":"","footnotes":""},"region":[261,505],"label":[],"partner_type":[620,473],"class_list":["post-30846","producer","type-producer","status-publish","has-post-thumbnail","hentry","region-neuchatel","region-neuchatel-de","partner_type-partenaire-de","partner_type-restaurant-de"],"acf":[],"yoast_head":"<!-- This site is optimized with the Yoast SEO plugin v27.4 - https:\/\/yoast.com\/product\/yoast-seo-wordpress\/ -->\n<title>Fleur de Lis - Neuch\u00e2tel vins et terroir<\/title>\n<meta name=\"robots\" content=\"index, follow, max-snippet:-1, max-image-preview:large, max-video-preview:-1\" \/>\n<link rel=\"canonical\" href=\"https:\/\/neuchatel-vins-terroir.ch\/de\/partenaire\/fleur-de-lis\/\" \/>\n<meta property=\"og:locale\" content=\"de_DE\" \/>\n<meta property=\"og:type\" content=\"article\" \/>\n<meta property=\"og:title\" content=\"Fleur de Lis - Neuch\u00e2tel vins et terroir\" \/>\n<meta property=\"og:description\" content=\"Die aus lokalen und saisonalen Produkten zubereiteten Gerichte k\u00f6nnen in einer freundlichen und herzlichen Umgebung genossen werden: ein Restaurant, ein [&hellip;]\" \/>\n<meta property=\"og:url\" content=\"https:\/\/neuchatel-vins-terroir.ch\/de\/partenaire\/fleur-de-lis\/\" \/>\n<meta property=\"og:site_name\" content=\"Neuch\u00e2tel vins et terroir\" \/>\n<meta property=\"article:modified_time\" content=\"2024-05-03T10:43:02+00:00\" \/>\n<meta property=\"og:image\" content=\"https:\/\/neuchatel-vins-terroir.ch\/wp-content\/uploads\/2022\/10\/Logos-partenaires-2.jpg\" \/>\n\t<meta property=\"og:image:width\" content=\"1181\" \/>\n\t<meta property=\"og:image:height\" content=\"1181\" \/>\n\t<meta property=\"og:image:type\" content=\"image\/jpeg\" \/>\n<meta name=\"twitter:card\" content=\"summary_large_image\" \/>\n<script type=\"application\/ld+json\" class=\"yoast-schema-graph\">{\"@context\":\"https:\\\/\\\/schema.org\",\"@graph\":[{\"@type\":\"WebPage\",\"@id\":\"https:\\\/\\\/neuchatel-vins-terroir.ch\\\/de\\\/partenaire\\\/fleur-de-lis\\\/\",\"url\":\"https:\\\/\\\/neuchatel-vins-terroir.ch\\\/de\\\/partenaire\\\/fleur-de-lis\\\/\",\"name\":\"Fleur de Lis - Neuch\u00e2tel vins et terroir\",\"isPartOf\":{\"@id\":\"https:\\\/\\\/neuchatel-vins-terroir.ch\\\/#website\"},\"primaryImageOfPage\":{\"@id\":\"https:\\\/\\\/neuchatel-vins-terroir.ch\\\/de\\\/partenaire\\\/fleur-de-lis\\\/#primaryimage\"},\"image\":{\"@id\":\"https:\\\/\\\/neuchatel-vins-terroir.ch\\\/de\\\/partenaire\\\/fleur-de-lis\\\/#primaryimage\"},\"thumbnailUrl\":\"https:\\\/\\\/neuchatel-vins-terroir.ch\\\/wp-content\\\/uploads\\\/2022\\\/10\\\/Logos-partenaires-2.jpg\",\"datePublished\":\"2022-10-06T14:58:56+00:00\",\"dateModified\":\"2024-05-03T10:43:02+00:00\",\"breadcrumb\":{\"@id\":\"https:\\\/\\\/neuchatel-vins-terroir.ch\\\/de\\\/partenaire\\\/fleur-de-lis\\\/#breadcrumb\"},\"inLanguage\":\"de\",\"potentialAction\":[{\"@type\":\"ReadAction\",\"target\":[\"https:\\\/\\\/neuchatel-vins-terroir.ch\\\/de\\\/partenaire\\\/fleur-de-lis\\\/\"]}]},{\"@type\":\"ImageObject\",\"inLanguage\":\"de\",\"@id\":\"https:\\\/\\\/neuchatel-vins-terroir.ch\\\/de\\\/partenaire\\\/fleur-de-lis\\\/#primaryimage\",\"url\":\"https:\\\/\\\/neuchatel-vins-terroir.ch\\\/wp-content\\\/uploads\\\/2022\\\/10\\\/Logos-partenaires-2.jpg\",\"contentUrl\":\"https:\\\/\\\/neuchatel-vins-terroir.ch\\\/wp-content\\\/uploads\\\/2022\\\/10\\\/Logos-partenaires-2.jpg\",\"width\":1181,\"height\":1181},{\"@type\":\"BreadcrumbList\",\"@id\":\"https:\\\/\\\/neuchatel-vins-terroir.ch\\\/de\\\/partenaire\\\/fleur-de-lis\\\/#breadcrumb\",\"itemListElement\":[{\"@type\":\"ListItem\",\"position\":1,\"name\":\"Accueil\",\"item\":\"https:\\\/\\\/neuchatel-vins-terroir.ch\\\/de\\\/home\\\/\"},{\"@type\":\"ListItem\",\"position\":2,\"name\":\"Producteurs\",\"item\":\"https:\\\/\\\/neuchatel-vins-terroir.ch\\\/partenaires\\\/\"},{\"@type\":\"ListItem\",\"position\":3,\"name\":\"Fleur de Lis\"}]},{\"@type\":\"WebSite\",\"@id\":\"https:\\\/\\\/neuchatel-vins-terroir.ch\\\/#website\",\"url\":\"https:\\\/\\\/neuchatel-vins-terroir.ch\\\/\",\"name\":\"Neuch\u00e2tel vins et terroir\",\"description\":\"Neuch\u00e2tel vins et terroir\",\"publisher\":{\"@id\":\"https:\\\/\\\/neuchatel-vins-terroir.ch\\\/#organization\"},\"potentialAction\":[{\"@type\":\"SearchAction\",\"target\":{\"@type\":\"EntryPoint\",\"urlTemplate\":\"https:\\\/\\\/neuchatel-vins-terroir.ch\\\/?s={search_term_string}\"},\"query-input\":{\"@type\":\"PropertyValueSpecification\",\"valueRequired\":true,\"valueName\":\"search_term_string\"}}],\"inLanguage\":\"de\"},{\"@type\":\"Organization\",\"@id\":\"https:\\\/\\\/neuchatel-vins-terroir.ch\\\/#organization\",\"name\":\"Neuch\u00e2tel vins et terroir\",\"url\":\"https:\\\/\\\/neuchatel-vins-terroir.ch\\\/\",\"logo\":{\"@type\":\"ImageObject\",\"inLanguage\":\"de\",\"@id\":\"https:\\\/\\\/neuchatel-vins-terroir.ch\\\/#\\\/schema\\\/logo\\\/image\\\/\",\"url\":\"https:\\\/\\\/neuchatel-vins-terroir.ch\\\/wp-content\\\/uploads\\\/2021\\\/11\\\/logo_nvt.svg\",\"contentUrl\":\"https:\\\/\\\/neuchatel-vins-terroir.ch\\\/wp-content\\\/uploads\\\/2021\\\/11\\\/logo_nvt.svg\",\"width\":156,\"height\":82,\"caption\":\"Neuch\u00e2tel vins et terroir\"},\"image\":{\"@id\":\"https:\\\/\\\/neuchatel-vins-terroir.ch\\\/#\\\/schema\\\/logo\\\/image\\\/\"}}]}<\/script>\n<!-- \/ Yoast SEO plugin. -->","yoast_head_json":{"title":"Fleur de Lis - Neuch\u00e2tel vins et terroir","robots":{"index":"index","follow":"follow","max-snippet":"max-snippet:-1","max-image-preview":"max-image-preview:large","max-video-preview":"max-video-preview:-1"},"canonical":"https:\/\/neuchatel-vins-terroir.ch\/de\/partenaire\/fleur-de-lis\/","og_locale":"de_DE","og_type":"article","og_title":"Fleur de Lis - Neuch\u00e2tel vins et terroir","og_description":"Die aus lokalen und saisonalen Produkten zubereiteten Gerichte k\u00f6nnen in einer freundlichen und herzlichen Umgebung genossen werden: ein Restaurant, ein [&hellip;]","og_url":"https:\/\/neuchatel-vins-terroir.ch\/de\/partenaire\/fleur-de-lis\/","og_site_name":"Neuch\u00e2tel vins et terroir","article_modified_time":"2024-05-03T10:43:02+00:00","og_image":[{"width":1181,"height":1181,"url":"https:\/\/neuchatel-vins-terroir.ch\/wp-content\/uploads\/2022\/10\/Logos-partenaires-2.jpg","type":"image\/jpeg"}],"twitter_card":"summary_large_image","schema":{"@context":"https:\/\/schema.org","@graph":[{"@type":"WebPage","@id":"https:\/\/neuchatel-vins-terroir.ch\/de\/partenaire\/fleur-de-lis\/","url":"https:\/\/neuchatel-vins-terroir.ch\/de\/partenaire\/fleur-de-lis\/","name":"Fleur de Lis - Neuch\u00e2tel vins et terroir","isPartOf":{"@id":"https:\/\/neuchatel-vins-terroir.ch\/#website"},"primaryImageOfPage":{"@id":"https:\/\/neuchatel-vins-terroir.ch\/de\/partenaire\/fleur-de-lis\/#primaryimage"},"image":{"@id":"https:\/\/neuchatel-vins-terroir.ch\/de\/partenaire\/fleur-de-lis\/#primaryimage"},"thumbnailUrl":"https:\/\/neuchatel-vins-terroir.ch\/wp-content\/uploads\/2022\/10\/Logos-partenaires-2.jpg","datePublished":"2022-10-06T14:58:56+00:00","dateModified":"2024-05-03T10:43:02+00:00","breadcrumb":{"@id":"https:\/\/neuchatel-vins-terroir.ch\/de\/partenaire\/fleur-de-lis\/#breadcrumb"},"inLanguage":"de","potentialAction":[{"@type":"ReadAction","target":["https:\/\/neuchatel-vins-terroir.ch\/de\/partenaire\/fleur-de-lis\/"]}]},{"@type":"ImageObject","inLanguage":"de","@id":"https:\/\/neuchatel-vins-terroir.ch\/de\/partenaire\/fleur-de-lis\/#primaryimage","url":"https:\/\/neuchatel-vins-terroir.ch\/wp-content\/uploads\/2022\/10\/Logos-partenaires-2.jpg","contentUrl":"https:\/\/neuchatel-vins-terroir.ch\/wp-content\/uploads\/2022\/10\/Logos-partenaires-2.jpg","width":1181,"height":1181},{"@type":"BreadcrumbList","@id":"https:\/\/neuchatel-vins-terroir.ch\/de\/partenaire\/fleur-de-lis\/#breadcrumb","itemListElement":[{"@type":"ListItem","position":1,"name":"Accueil","item":"https:\/\/neuchatel-vins-terroir.ch\/de\/home\/"},{"@type":"ListItem","position":2,"name":"Producteurs","item":"https:\/\/neuchatel-vins-terroir.ch\/partenaires\/"},{"@type":"ListItem","position":3,"name":"Fleur de Lis"}]},{"@type":"WebSite","@id":"https:\/\/neuchatel-vins-terroir.ch\/#website","url":"https:\/\/neuchatel-vins-terroir.ch\/","name":"Neuch\u00e2tel vins et terroir","description":"Neuch\u00e2tel vins et terroir","publisher":{"@id":"https:\/\/neuchatel-vins-terroir.ch\/#organization"},"potentialAction":[{"@type":"SearchAction","target":{"@type":"EntryPoint","urlTemplate":"https:\/\/neuchatel-vins-terroir.ch\/?s={search_term_string}"},"query-input":{"@type":"PropertyValueSpecification","valueRequired":true,"valueName":"search_term_string"}}],"inLanguage":"de"},{"@type":"Organization","@id":"https:\/\/neuchatel-vins-terroir.ch\/#organization","name":"Neuch\u00e2tel vins et terroir","url":"https:\/\/neuchatel-vins-terroir.ch\/","logo":{"@type":"ImageObject","inLanguage":"de","@id":"https:\/\/neuchatel-vins-terroir.ch\/#\/schema\/logo\/image\/","url":"https:\/\/neuchatel-vins-terroir.ch\/wp-content\/uploads\/2021\/11\/logo_nvt.svg","contentUrl":"https:\/\/neuchatel-vins-terroir.ch\/wp-content\/uploads\/2021\/11\/logo_nvt.svg","width":156,"height":82,"caption":"Neuch\u00e2tel vins et terroir"},"image":{"@id":"https:\/\/neuchatel-vins-terroir.ch\/#\/schema\/logo\/image\/"}}]}},"taxonomy_info":{"region":[{"value":261,"label":"Neuch\u00e2tel"},{"value":505,"label":"Neuch\u00e2tel"}],"partner_type":[{"value":620,"label":"Lokale Partner"},{"value":473,"label":"Restaurant"}]},"featured_image_src_large":["https:\/\/neuchatel-vins-terroir.ch\/wp-content\/uploads\/2022\/10\/Logos-partenaires-2-1024x1024.jpg",1024,1024,true],"author_info":[],"comment_info":"","publishpress_future_workflow_manual_trigger":{"enabledWorkflows":[]},"_links":{"self":[{"href":"https:\/\/neuchatel-vins-terroir.ch\/de\/wp-json\/wp\/v2\/producer\/30846","targetHints":{"allow":["GET"]}}],"collection":[{"href":"https:\/\/neuchatel-vins-terroir.ch\/de\/wp-json\/wp\/v2\/producer"}],"about":[{"href":"https:\/\/neuchatel-vins-terroir.ch\/de\/wp-json\/wp\/v2\/types\/producer"}],"version-history":[{"count":1,"href":"https:\/\/neuchatel-vins-terroir.ch\/de\/wp-json\/wp\/v2\/producer\/30846\/revisions"}],"predecessor-version":[{"id":38333,"href":"https:\/\/neuchatel-vins-terroir.ch\/de\/wp-json\/wp\/v2\/producer\/30846\/revisions\/38333"}],"wp:featuredmedia":[{"embeddable":true,"href":"https:\/\/neuchatel-vins-terroir.ch\/de\/wp-json\/wp\/v2\/media\/42078"}],"wp:attachment":[{"href":"https:\/\/neuchatel-vins-terroir.ch\/de\/wp-json\/wp\/v2\/media?parent=30846"}],"wp:term":[{"taxonomy":"region","embeddable":true,"href":"https:\/\/neuchatel-vins-terroir.ch\/de\/wp-json\/wp\/v2\/region?post=30846"},{"taxonomy":"label","embeddable":true,"href":"https:\/\/neuchatel-vins-terroir.ch\/de\/wp-json\/wp\/v2\/label?post=30846"},{"taxonomy":"partner_type","embeddable":true,"href":"https:\/\/neuchatel-vins-terroir.ch\/de\/wp-json\/wp\/v2\/partner_type?post=30846"}],"curies":[{"name":"wp","href":"https:\/\/api.w.org\/{rel}","templated":true}]}}