{"id":34527,"date":"2023-06-23T08:09:14","date_gmt":"2023-06-23T08:09:14","guid":{"rendered":"https:\/\/neuchatel-vins-terroir.ch\/?post_type=document&#038;p=34527"},"modified":"2023-06-26T11:13:00","modified_gmt":"2023-06-26T11:13:00","slug":"pour-la-2eme-annee-consecutive-la-cave-alain-gerber-remporte-le-prix-ambassadeur","status":"publish","type":"document","link":"https:\/\/neuchatel-vins-terroir.ch\/en\/document\/pour-la-2eme-annee-consecutive-la-cave-alain-gerber-remporte-le-prix-ambassadeur\/","title":{"rendered":"Pour la 2\u00e8me ann\u00e9e cons\u00e9cutive La Cave Alain Gerber remporte le prix &#8220;Ambassadeur&#8221;"},"content":{"rendered":"\n<p><strong>Les encaveurs neuch\u00e2telois se sont retrouv\u00e9s dans le cadre idyllique du Ch\u00e2teau de Neuch\u00e2tel, pour la remise de la S\u00e9lection des Vins de Neuch\u00e2tel. Sur 259 vins pr\u00e9sent\u00e9s, 69 ont \u00e9t\u00e9 gratifi\u00e9s d&#8217;une s\u00e9lection or.<\/strong><\/p>\n","protected":false},"author":25,"featured_media":34528,"template":"","meta":{"_acf_changed":false,"_kad_blocks_custom_css":"","_kad_blocks_head_custom_js":"","_kad_blocks_body_custom_js":"","_kad_blocks_footer_custom_js":"","footnotes":""},"document_type":[217],"class_list":["post-34527","document","type-document","status-publish","has-post-thumbnail","hentry","document_type-communique"],"acf":[],"yoast_head":"<!-- This site is optimized with the Yoast SEO plugin v27.5 - https:\/\/yoast.com\/product\/yoast-seo-wordpress\/ -->\n<title>Pour la 2\u00e8me ann\u00e9e cons\u00e9cutive La Cave Alain Gerber remporte le prix &quot;Ambassadeur&quot; - Neuch\u00e2tel vins et terroir<\/title>\n<meta name=\"robots\" content=\"index, follow, max-snippet:-1, max-image-preview:large, max-video-preview:-1\" \/>\n<link rel=\"canonical\" href=\"https:\/\/neuchatel-vins-terroir.ch\/document\/pour-la-2eme-annee-consecutive-la-cave-alain-gerber-remporte-le-prix-ambassadeur\/\" \/>\n<meta property=\"og:locale\" content=\"en_US\" \/>\n<meta property=\"og:type\" content=\"article\" \/>\n<meta property=\"og:title\" content=\"Pour la 2\u00e8me ann\u00e9e cons\u00e9cutive La Cave Alain Gerber remporte le prix &quot;Ambassadeur&quot; - Neuch\u00e2tel vins et terroir\" \/>\n<meta property=\"og:description\" content=\"Les encaveurs neuch\u00e2telois se sont retrouv\u00e9s dans le cadre idyllique du Ch\u00e2teau de Neuch\u00e2tel, pour la remise de la S\u00e9lection [&hellip;]\" \/>\n<meta property=\"og:url\" content=\"https:\/\/neuchatel-vins-terroir.ch\/document\/pour-la-2eme-annee-consecutive-la-cave-alain-gerber-remporte-le-prix-ambassadeur\/\" \/>\n<meta property=\"og:site_name\" content=\"Neuch\u00e2tel vins et terroir\" \/>\n<meta property=\"article:modified_time\" content=\"2023-06-26T11:13:00+00:00\" \/>\n<meta property=\"og:image\" content=\"https:\/\/neuchatel-vins-terroir.ch\/wp-content\/uploads\/2023\/06\/Photo-ambassadeur.jpg\" \/>\n\t<meta property=\"og:image:width\" content=\"1842\" \/>\n\t<meta property=\"og:image:height\" content=\"2552\" \/>\n\t<meta property=\"og:image:type\" content=\"image\/jpeg\" \/>\n<meta name=\"twitter:card\" content=\"summary_large_image\" \/>\n<script type=\"application\/ld+json\" class=\"yoast-schema-graph\">{\"@context\":\"https:\\\/\\\/schema.org\",\"@graph\":[{\"@type\":\"WebPage\",\"@id\":\"https:\\\/\\\/neuchatel-vins-terroir.ch\\\/document\\\/pour-la-2eme-annee-consecutive-la-cave-alain-gerber-remporte-le-prix-ambassadeur\\\/\",\"url\":\"https:\\\/\\\/neuchatel-vins-terroir.ch\\\/document\\\/pour-la-2eme-annee-consecutive-la-cave-alain-gerber-remporte-le-prix-ambassadeur\\\/\",\"name\":\"Pour la 2\u00e8me ann\u00e9e cons\u00e9cutive La Cave Alain Gerber remporte le prix \\\"Ambassadeur\\\" - Neuch\u00e2tel vins et terroir\",\"isPartOf\":{\"@id\":\"https:\\\/\\\/neuchatel-vins-terroir.ch\\\/#website\"},\"primaryImageOfPage\":{\"@id\":\"https:\\\/\\\/neuchatel-vins-terroir.ch\\\/document\\\/pour-la-2eme-annee-consecutive-la-cave-alain-gerber-remporte-le-prix-ambassadeur\\\/#primaryimage\"},\"image\":{\"@id\":\"https:\\\/\\\/neuchatel-vins-terroir.ch\\\/document\\\/pour-la-2eme-annee-consecutive-la-cave-alain-gerber-remporte-le-prix-ambassadeur\\\/#primaryimage\"},\"thumbnailUrl\":\"https:\\\/\\\/neuchatel-vins-terroir.ch\\\/wp-content\\\/uploads\\\/2023\\\/06\\\/Photo-ambassadeur.jpg\",\"datePublished\":\"2023-06-23T08:09:14+00:00\",\"dateModified\":\"2023-06-26T11:13:00+00:00\",\"breadcrumb\":{\"@id\":\"https:\\\/\\\/neuchatel-vins-terroir.ch\\\/document\\\/pour-la-2eme-annee-consecutive-la-cave-alain-gerber-remporte-le-prix-ambassadeur\\\/#breadcrumb\"},\"inLanguage\":\"en-US\",\"potentialAction\":[{\"@type\":\"ReadAction\",\"target\":[\"https:\\\/\\\/neuchatel-vins-terroir.ch\\\/document\\\/pour-la-2eme-annee-consecutive-la-cave-alain-gerber-remporte-le-prix-ambassadeur\\\/\"]}]},{\"@type\":\"ImageObject\",\"inLanguage\":\"en-US\",\"@id\":\"https:\\\/\\\/neuchatel-vins-terroir.ch\\\/document\\\/pour-la-2eme-annee-consecutive-la-cave-alain-gerber-remporte-le-prix-ambassadeur\\\/#primaryimage\",\"url\":\"https:\\\/\\\/neuchatel-vins-terroir.ch\\\/wp-content\\\/uploads\\\/2023\\\/06\\\/Photo-ambassadeur.jpg\",\"contentUrl\":\"https:\\\/\\\/neuchatel-vins-terroir.ch\\\/wp-content\\\/uploads\\\/2023\\\/06\\\/Photo-ambassadeur.jpg\",\"width\":1842,\"height\":2552},{\"@type\":\"BreadcrumbList\",\"@id\":\"https:\\\/\\\/neuchatel-vins-terroir.ch\\\/document\\\/pour-la-2eme-annee-consecutive-la-cave-alain-gerber-remporte-le-prix-ambassadeur\\\/#breadcrumb\",\"itemListElement\":[{\"@type\":\"ListItem\",\"position\":1,\"name\":\"Accueil\",\"item\":\"https:\\\/\\\/neuchatel-vins-terroir.ch\\\/en\\\/home\\\/\"},{\"@type\":\"ListItem\",\"position\":2,\"name\":\"Documents\",\"item\":\"https:\\\/\\\/neuchatel-vins-terroir.ch\\\/document\\\/\"},{\"@type\":\"ListItem\",\"position\":3,\"name\":\"Pour la 2\u00e8me ann\u00e9e cons\u00e9cutive La Cave Alain Gerber remporte le prix \u00ab\u00a0Ambassadeur\u00a0\u00bb\"}]},{\"@type\":\"WebSite\",\"@id\":\"https:\\\/\\\/neuchatel-vins-terroir.ch\\\/#website\",\"url\":\"https:\\\/\\\/neuchatel-vins-terroir.ch\\\/\",\"name\":\"Neuch\u00e2tel vins et terroir\",\"description\":\"Votre lien avec un terroir de caract\u00e8re\",\"publisher\":{\"@id\":\"https:\\\/\\\/neuchatel-vins-terroir.ch\\\/#organization\"},\"potentialAction\":[{\"@type\":\"SearchAction\",\"target\":{\"@type\":\"EntryPoint\",\"urlTemplate\":\"https:\\\/\\\/neuchatel-vins-terroir.ch\\\/?s={search_term_string}\"},\"query-input\":{\"@type\":\"PropertyValueSpecification\",\"valueRequired\":true,\"valueName\":\"search_term_string\"}}],\"inLanguage\":\"en-US\"},{\"@type\":\"Organization\",\"@id\":\"https:\\\/\\\/neuchatel-vins-terroir.ch\\\/#organization\",\"name\":\"Neuch\u00e2tel vins et terroir\",\"url\":\"https:\\\/\\\/neuchatel-vins-terroir.ch\\\/\",\"logo\":{\"@type\":\"ImageObject\",\"inLanguage\":\"en-US\",\"@id\":\"https:\\\/\\\/neuchatel-vins-terroir.ch\\\/#\\\/schema\\\/logo\\\/image\\\/\",\"url\":\"https:\\\/\\\/neuchatel-vins-terroir.ch\\\/wp-content\\\/uploads\\\/2021\\\/11\\\/logo_nvt.svg\",\"contentUrl\":\"https:\\\/\\\/neuchatel-vins-terroir.ch\\\/wp-content\\\/uploads\\\/2021\\\/11\\\/logo_nvt.svg\",\"width\":156,\"height\":82,\"caption\":\"Neuch\u00e2tel vins et terroir\"},\"image\":{\"@id\":\"https:\\\/\\\/neuchatel-vins-terroir.ch\\\/#\\\/schema\\\/logo\\\/image\\\/\"}}]}<\/script>\n<!-- \/ Yoast SEO plugin. -->","yoast_head_json":{"title":"Pour la 2\u00e8me ann\u00e9e cons\u00e9cutive La Cave Alain Gerber remporte le prix \"Ambassadeur\" - Neuch\u00e2tel vins et terroir","robots":{"index":"index","follow":"follow","max-snippet":"max-snippet:-1","max-image-preview":"max-image-preview:large","max-video-preview":"max-video-preview:-1"},"canonical":"https:\/\/neuchatel-vins-terroir.ch\/document\/pour-la-2eme-annee-consecutive-la-cave-alain-gerber-remporte-le-prix-ambassadeur\/","og_locale":"en_US","og_type":"article","og_title":"Pour la 2\u00e8me ann\u00e9e cons\u00e9cutive La Cave Alain Gerber remporte le prix \"Ambassadeur\" - Neuch\u00e2tel vins et terroir","og_description":"Les encaveurs neuch\u00e2telois se sont retrouv\u00e9s dans le cadre idyllique du Ch\u00e2teau de Neuch\u00e2tel, pour la remise de la S\u00e9lection [&hellip;]","og_url":"https:\/\/neuchatel-vins-terroir.ch\/document\/pour-la-2eme-annee-consecutive-la-cave-alain-gerber-remporte-le-prix-ambassadeur\/","og_site_name":"Neuch\u00e2tel vins et terroir","article_modified_time":"2023-06-26T11:13:00+00:00","og_image":[{"width":1842,"height":2552,"url":"https:\/\/neuchatel-vins-terroir.ch\/wp-content\/uploads\/2023\/06\/Photo-ambassadeur.jpg","type":"image\/jpeg"}],"twitter_card":"summary_large_image","schema":{"@context":"https:\/\/schema.org","@graph":[{"@type":"WebPage","@id":"https:\/\/neuchatel-vins-terroir.ch\/document\/pour-la-2eme-annee-consecutive-la-cave-alain-gerber-remporte-le-prix-ambassadeur\/","url":"https:\/\/neuchatel-vins-terroir.ch\/document\/pour-la-2eme-annee-consecutive-la-cave-alain-gerber-remporte-le-prix-ambassadeur\/","name":"Pour la 2\u00e8me ann\u00e9e cons\u00e9cutive La Cave Alain Gerber remporte le prix \"Ambassadeur\" - Neuch\u00e2tel vins et terroir","isPartOf":{"@id":"https:\/\/neuchatel-vins-terroir.ch\/#website"},"primaryImageOfPage":{"@id":"https:\/\/neuchatel-vins-terroir.ch\/document\/pour-la-2eme-annee-consecutive-la-cave-alain-gerber-remporte-le-prix-ambassadeur\/#primaryimage"},"image":{"@id":"https:\/\/neuchatel-vins-terroir.ch\/document\/pour-la-2eme-annee-consecutive-la-cave-alain-gerber-remporte-le-prix-ambassadeur\/#primaryimage"},"thumbnailUrl":"https:\/\/neuchatel-vins-terroir.ch\/wp-content\/uploads\/2023\/06\/Photo-ambassadeur.jpg","datePublished":"2023-06-23T08:09:14+00:00","dateModified":"2023-06-26T11:13:00+00:00","breadcrumb":{"@id":"https:\/\/neuchatel-vins-terroir.ch\/document\/pour-la-2eme-annee-consecutive-la-cave-alain-gerber-remporte-le-prix-ambassadeur\/#breadcrumb"},"inLanguage":"en-US","potentialAction":[{"@type":"ReadAction","target":["https:\/\/neuchatel-vins-terroir.ch\/document\/pour-la-2eme-annee-consecutive-la-cave-alain-gerber-remporte-le-prix-ambassadeur\/"]}]},{"@type":"ImageObject","inLanguage":"en-US","@id":"https:\/\/neuchatel-vins-terroir.ch\/document\/pour-la-2eme-annee-consecutive-la-cave-alain-gerber-remporte-le-prix-ambassadeur\/#primaryimage","url":"https:\/\/neuchatel-vins-terroir.ch\/wp-content\/uploads\/2023\/06\/Photo-ambassadeur.jpg","contentUrl":"https:\/\/neuchatel-vins-terroir.ch\/wp-content\/uploads\/2023\/06\/Photo-ambassadeur.jpg","width":1842,"height":2552},{"@type":"BreadcrumbList","@id":"https:\/\/neuchatel-vins-terroir.ch\/document\/pour-la-2eme-annee-consecutive-la-cave-alain-gerber-remporte-le-prix-ambassadeur\/#breadcrumb","itemListElement":[{"@type":"ListItem","position":1,"name":"Accueil","item":"https:\/\/neuchatel-vins-terroir.ch\/en\/home\/"},{"@type":"ListItem","position":2,"name":"Documents","item":"https:\/\/neuchatel-vins-terroir.ch\/document\/"},{"@type":"ListItem","position":3,"name":"Pour la 2\u00e8me ann\u00e9e cons\u00e9cutive La Cave Alain Gerber remporte le prix \u00ab\u00a0Ambassadeur\u00a0\u00bb"}]},{"@type":"WebSite","@id":"https:\/\/neuchatel-vins-terroir.ch\/#website","url":"https:\/\/neuchatel-vins-terroir.ch\/","name":"Neuch\u00e2tel vins et terroir","description":"Votre lien avec un terroir de caract\u00e8re","publisher":{"@id":"https:\/\/neuchatel-vins-terroir.ch\/#organization"},"potentialAction":[{"@type":"SearchAction","target":{"@type":"EntryPoint","urlTemplate":"https:\/\/neuchatel-vins-terroir.ch\/?s={search_term_string}"},"query-input":{"@type":"PropertyValueSpecification","valueRequired":true,"valueName":"search_term_string"}}],"inLanguage":"en-US"},{"@type":"Organization","@id":"https:\/\/neuchatel-vins-terroir.ch\/#organization","name":"Neuch\u00e2tel vins et terroir","url":"https:\/\/neuchatel-vins-terroir.ch\/","logo":{"@type":"ImageObject","inLanguage":"en-US","@id":"https:\/\/neuchatel-vins-terroir.ch\/#\/schema\/logo\/image\/","url":"https:\/\/neuchatel-vins-terroir.ch\/wp-content\/uploads\/2021\/11\/logo_nvt.svg","contentUrl":"https:\/\/neuchatel-vins-terroir.ch\/wp-content\/uploads\/2021\/11\/logo_nvt.svg","width":156,"height":82,"caption":"Neuch\u00e2tel vins et terroir"},"image":{"@id":"https:\/\/neuchatel-vins-terroir.ch\/#\/schema\/logo\/image\/"}}]}},"taxonomy_info":{"document_type":[{"value":217,"label":"Communiqu\u00e9"}]},"featured_image_src_large":["https:\/\/neuchatel-vins-terroir.ch\/wp-content\/uploads\/2023\/06\/Photo-ambassadeur-739x1024.jpg",739,1024,true],"author_info":{"display_name":"Neuchatel Vins et Terroir NVT","author_link":"https:\/\/neuchatel-vins-terroir.ch\/en\/author\/nvt\/"},"comment_info":"","publishpress_future_workflow_manual_trigger":{"enabledWorkflows":[]},"_links":{"self":[{"href":"https:\/\/neuchatel-vins-terroir.ch\/en\/wp-json\/wp\/v2\/document\/34527","targetHints":{"allow":["GET"]}}],"collection":[{"href":"https:\/\/neuchatel-vins-terroir.ch\/en\/wp-json\/wp\/v2\/document"}],"about":[{"href":"https:\/\/neuchatel-vins-terroir.ch\/en\/wp-json\/wp\/v2\/types\/document"}],"author":[{"embeddable":true,"href":"https:\/\/neuchatel-vins-terroir.ch\/en\/wp-json\/wp\/v2\/users\/25"}],"version-history":[{"count":5,"href":"https:\/\/neuchatel-vins-terroir.ch\/en\/wp-json\/wp\/v2\/document\/34527\/revisions"}],"predecessor-version":[{"id":34538,"href":"https:\/\/neuchatel-vins-terroir.ch\/en\/wp-json\/wp\/v2\/document\/34527\/revisions\/34538"}],"wp:featuredmedia":[{"embeddable":true,"href":"https:\/\/neuchatel-vins-terroir.ch\/en\/wp-json\/wp\/v2\/media\/34528"}],"wp:attachment":[{"href":"https:\/\/neuchatel-vins-terroir.ch\/en\/wp-json\/wp\/v2\/media?parent=34527"}],"wp:term":[{"taxonomy":"document_type","embeddable":true,"href":"https:\/\/neuchatel-vins-terroir.ch\/en\/wp-json\/wp\/v2\/document_type?post=34527"}],"curies":[{"name":"wp","href":"https:\/\/api.w.org\/{rel}","templated":true}]}}